{"id":77,"date":"2016-11-01T15:58:20","date_gmt":"2016-11-01T21:58:20","guid":{"rendered":"http:\/\/www.tamaulipas.gob.mx\/salud\/?page_id=77"},"modified":"2016-11-04T13:25:34","modified_gmt":"2016-11-04T19:25:34","slug":"salud-integral-del-nino","status":"publish","type":"page","link":"https:\/\/www.tamaulipas.gob.mx\/salud\/programas\/salud-de-infancia-y-adolescencia\/salud-integral-del-nino\/","title":{"rendered":"Salud Integral del Ni\u00f1o"},"content":{"rendered":"<div class=\"panel-group\" id=\"custom-collapse-0\">\n<div class=\"panel panel-default\">\n\t\t\t\t<div class=\"panel-heading\">\n\t\t\t\t\t<h4 class=\"panel-title\">\n\t\t\t\t\t\t<a class=\"\" data-toggle=\"collapse\" data-parent=\"#custom-collapse-0\" href=\"#custom-collapse-0-0\">Funciones B\u00e1sica<\/a>\n\t\t\t\t\t<\/h4>\n\t\t\t\t<\/div>\n\t\t\t\t<div id=\"custom-collapse-0-0\" class=\"panel-collapse in\">\n\t\t\t\t\t<div class=\"panel-body\">\nInstrumentar acciones y estrategias derivadas de los programas nacionales de salud, para desarrollar los similares a nivel estatal en la prevenci\u00f3n y control de aquellas enfermedades que m\u00e1s frecuentemente pueden afectar a la poblaci\u00f3n infantil, con el objetivo de mejorar los actuales niveles de salud de los menores de cinco a\u00f1os.<br \/>\n<\/div>\n\t\t\t\t<\/div>\n\t\t\t<\/div>\n<div class=\"panel panel-default\">\n\t\t\t\t<div class=\"panel-heading\">\n\t\t\t\t\t<h4 class=\"panel-title\">\n\t\t\t\t\t\t<a class=\"collapsed\" data-toggle=\"collapse\" data-parent=\"#custom-collapse-0\" href=\"#custom-collapse-0-1\">Funciones Espec\u00edficas Espec\u00edficas:<\/a>\n\t\t\t\t\t<\/h4>\n\t\t\t\t<\/div>\n\t\t\t\t<div id=\"custom-collapse-0-1\" class=\"panel-collapse collapse\">\n\t\t\t\t\t<div class=\"panel-body\">\n<ul>\n<li>Analizar las principales causas de morbilidad y mortalidad en menores de 5 a\u00f1os para el planteamiento de estrategias de atenci\u00f3n en las enfermedades m\u00e1s frecuentes de este grupo de edad.<\/li>\n<li>Coordinar los programas con las l\u00edneas estrat\u00e9gicas del Programa Nacional para la Reducci\u00f3n de la Mortalidad Infantil.<\/li>\n<li>Elaborar programas estatales de las enfermedades m\u00e1s frecuentes en menores de 5 a\u00f1os cuyo contenido incluye objetivos, metas, l\u00edneas de acci\u00f3n, presupuestaci\u00f3n, supervisi\u00f3n y evaluaci\u00f3n.<\/li>\n<li>Participar en la presupuestaci\u00f3n anual del programa operativo.<\/li>\n<li>Elaborar el programa de actividades por cada componente que se desarrolle en las unidades de atenci\u00f3n m\u00e9dica.<\/li>\n<li>Mantener informados y actualizados a los responsables jurisdiccionales sobre las acciones a desarrollar anualmente.<\/li>\n<li>Coordinar las acciones y estrategias de los responsables de cada componente en las jurisdicciones y hospitales para que conozcan, implementen y desarrollen los programas.<\/li>\n<li>Intensificar acciones de prevenci\u00f3n y control en los municipios de riesgo por defunciones de enfermedad diarreica, infecciones respiratorias agudas y c\u00e1ncer en la poblaci\u00f3n menor de 5 a\u00f1os.<\/li>\n<li>Supervisar peri\u00f3dicamente las actividades de nivel estatal y jurisdiccional en las unidades dependientes de los servicios de salud de Tamaulipas, para brindar apoyo y asesor\u00eda en el desarrollo del programa de salud del ni\u00f1o.<\/li>\n<li>Supervisar y evaluar la cobertura del programa de prevenci\u00f3n del retraso mental por hipotiroidismo cong\u00e9nito y enfermedades metab\u00f3licas cong\u00e9nitas, y el seguimiento de los casos positivos.<\/li>\n<li>Evaluar mensualmente los avances de los programas relativos a enfermedades propias de la infancia.<\/li>\n<li>Gestionar el abasto de vida suero oral, medicamentos e insumos para el desarrollo de programas en todas las unidades de salud.<\/li>\n<li>Desarrollar el programa de capacitaci\u00f3n continua al personal de salud responsable de la atenci\u00f3n del reci\u00e9n nacido, reanimaci\u00f3n neonatal, estimulaci\u00f3n temprana y tamiz neonatal, atenci\u00f3n integrada en el menor de 10 a\u00f1os a trav\u00e9s del centro estatal de capacitaci\u00f3n.<\/li>\n<li>Coordinar acciones de promoci\u00f3n y difusi\u00f3n de los componentes de salud integral del ni\u00f1o a trav\u00e9s del personal operativo para la comunidad.<\/li>\n<li>Informar permanentemente al \u00e1rea superior inmediata de las actividades en proceso, concluidas y programadas.<\/li>\n<li>Las dem\u00e1s que en \u00e1mbito de su competencia le delegue la autoridad.<\/li>\n<\/ul>\n<\/div>\n\t\t\t\t<\/div>\n\t\t\t<\/div>\n<\/div>\n<p>&nbsp;<\/p>\n<h3>Programas que forman parte de Salud Integral del Ni\u00f1o<\/h3>\n<h4>Cancer en la Infancia y en la Adolescencia<\/h4>\n<p>Tiene como objetivo brindar a los ni\u00f1os y adolescentes un diagn\u00f3stico temprano y un tratamiento multidisciplinario, oportuno y de calidad otorgado por expertos<\/p>\n<div class=\"row\"><div class=\"col-sm-12\"><a href=\"http:\/\/www.tamaulipas.gob.mx\/salud\/programas\/salud-de-infancia-y-adolescencia\/salud-integral-del-nino\/cancer-en-la-infancia-y-la-adolescencia\/\" class=\"btn btn-primary btn-sm pull-right\"><i class=\"fa fa-external-link\"><\/i> M\u00e1s informaci\u00f3n <\/a><\/div><\/div>\n<hr \/>\n<h4>Estimulaci\u00f3n Temprana<\/h4>\n<p>Es un componente m\u00e1s de la atenci\u00f3n integrada, entendida como el conjunto de acciones que el personal de salud debe proporcionar a la ni\u00f1a\u00a0 o ni\u00f1o menor de dos a\u00f1os, en cada asistencia a una unidad de salud, independientemente del motivo de la consulta.<\/p>\n<div class=\"row\"><div class=\"col-sm-12\"><a href=\"http:\/\/www.tamaulipas.gob.mx\/salud\/programas\/salud-de-infancia-y-adolescencia\/salud-integral-del-nino\/estimulacion-temprana\/\" class=\"btn btn-primary btn-sm pull-right\"><i class=\"fa fa-external-link\"><\/i> M\u00e1s informaci\u00f3n <\/a><\/div><\/div>\n<hr \/>\n<h4>Prevenci\u00f3n del Retraso Mental por Hipotiroidismo Cong\u00e9nito<\/h4>\n<p>Su objetivo es prevenir el retraso mental y otras repercusiones del hipotiroidismo cong\u00e9nito, galactosemia, fenilcetonuria e hiperplasia suprarrenal cong\u00e9nita, antes de que \u00e9stas se manifiesten, a trav\u00e9s de la detecci\u00f3n y manejo oportuno.<\/p>\n<div class=\"row\"><div class=\"col-sm-12\"><a href=\"http:\/\/www.tamaulipas.gob.mx\/salud\/programas\/salud-de-infancia-y-adolescencia\/salud-integral-del-nino\/prevencion-del-retraso-mental-por-hipotiroidismo-congenito\/\" class=\"btn btn-primary btn-sm pull-right\"><i class=\"fa fa-external-link\"><\/i> M\u00e1s informaci\u00f3n <\/a><\/div><\/div>\n<hr \/>\n<h4>Prevenci\u00f3n y Control de Enfermedades Diarreicas<\/h4>\n<p>Su objetivo es disminuir la morbilidad y mortalidad por Enfermedades Diarreicas e Infecciones Respiratorias en los menores de cinco\u00a0 a\u00f1os a trav\u00e9s de mejorar la calidad y oportunidad de la atenci\u00f3n en las unidades m\u00e9dicas<\/p>\n<div class=\"row\"><div class=\"col-sm-12\"><a href=\"http:\/\/www.tamaulipas.gob.mx\/salud\/programas\/salud-de-infancia-y-adolescencia\/salud-integral-del-nino\/prevencion-y-control-de-enfermedades-diarreicas\/\" class=\"btn btn-primary btn-sm pull-right\"><i class=\"fa fa-external-link\"><\/i> M\u00e1s informaci\u00f3n <\/a><\/div><\/div>\n<hr \/>\n<h4>Reci\u00e9n Nacido<\/h4>\n<p>El objetivo de este programa es elevar la calidad de vida del reci\u00e9n nacido mediante acciones de prevenci\u00f3n de enfermedades y protecci\u00f3n de la salud.<\/p>\n<div class=\"row\"><div class=\"col-sm-12\"><a href=\"http:\/\/www.tamaulipas.gob.mx\/salud\/programas\/salud-de-infancia-y-adolescencia\/salud-integral-del-nino\/recien-nacido\/\" class=\"btn btn-primary btn-sm pull-right\"><i class=\"fa fa-external-link\"><\/i> M\u00e1s informaci\u00f3n <\/a><\/div><\/div>\n<hr \/>\n<h4>Tos y Catarro<\/h4>\n<p>Conoce cuales son las se\u00f1ales de alarma que debes de tomar en cuenta cuando un infante tiene Tos y Catarro<\/p>\n<div class=\"row\"><div class=\"col-sm-12\"><a href=\"http:\/\/www.tamaulipas.gob.mx\/salud\/programas\/salud-de-infancia-y-adolescencia\/salud-integral-del-nino\/tos-y-catarro\/\" class=\"btn btn-primary btn-sm pull-right\"><i class=\"fa fa-external-link\"><\/i> M\u00e1s informaci\u00f3n <\/a><\/div><\/div>\n<hr \/>\n","protected":false},"excerpt":{"rendered":"<p>&nbsp; Programas que forman parte de Salud Integral del Ni\u00f1o Cancer en la Infancia y en la Adolescencia Tiene como objetivo brindar a los ni\u00f1os\u2026<\/p>\n","protected":false},"author":3,"featured_media":0,"parent":58,"menu_order":0,"comment_status":"closed","ping_status":"closed","template":"","meta":{"footnotes":""},"class_list":["post-77","page","type-page","status-publish","hentry"],"yoast_head":"<!-- This site is optimized with the Yoast SEO plugin v24.8.1 - https:\/\/yoast.com\/wordpress\/plugins\/seo\/ -->\n<title>Salud Integral del Ni\u00f1o - Secretar\u00eda de Salud<\/title>\n<meta name=\"robots\" content=\"index, follow, max-snippet:-1, max-image-preview:large, max-video-preview:-1\" \/>\n<link rel=\"canonical\" href=\"https:\/\/www.tamaulipas.gob.mx\/salud\/programas\/salud-de-infancia-y-adolescencia\/salud-integral-del-nino\/\" \/>\n<meta property=\"og:locale\" content=\"es_ES\" \/>\n<meta property=\"og:type\" content=\"article\" \/>\n<meta property=\"og:title\" content=\"Salud Integral del Ni\u00f1o - Secretar\u00eda de Salud\" \/>\n<meta property=\"og:description\" content=\"&nbsp; Programas que forman parte de Salud Integral del Ni\u00f1o Cancer en la Infancia y en la Adolescencia Tiene como objetivo brindar a los ni\u00f1os\u2026\" \/>\n<meta property=\"og:url\" content=\"https:\/\/www.tamaulipas.gob.mx\/salud\/programas\/salud-de-infancia-y-adolescencia\/salud-integral-del-nino\/\" \/>\n<meta property=\"og:site_name\" content=\"Secretar\u00eda de Salud\" \/>\n<meta property=\"article:publisher\" content=\"https:\/\/www.facebook.com\/SaludTamaulipas\" \/>\n<meta property=\"article:modified_time\" content=\"2016-11-04T19:25:34+00:00\" \/>\n<meta property=\"og:image\" content=\"https:\/\/www.tamaulipas.gob.mx\/salud\/wp-content\/uploads\/sites\/4\/2022\/10\/logotamaulipas2022.png\" \/>\n\t<meta property=\"og:image:width\" content=\"1200\" \/>\n\t<meta property=\"og:image:height\" content=\"388\" \/>\n\t<meta property=\"og:image:type\" content=\"image\/png\" \/>\n<meta name=\"twitter:card\" content=\"summary_large_image\" \/>\n<meta name=\"twitter:label1\" content=\"Tiempo de lectura\" \/>\n\t<meta name=\"twitter:data1\" content=\"4 minutos\" \/>\n<script type=\"application\/ld+json\" class=\"yoast-schema-graph\">{\"@context\":\"https:\/\/schema.org\",\"@graph\":[{\"@type\":\"WebPage\",\"@id\":\"https:\/\/www.tamaulipas.gob.mx\/salud\/programas\/salud-de-infancia-y-adolescencia\/salud-integral-del-nino\/\",\"url\":\"https:\/\/www.tamaulipas.gob.mx\/salud\/programas\/salud-de-infancia-y-adolescencia\/salud-integral-del-nino\/\",\"name\":\"Salud Integral del Ni\u00f1o - Secretar\u00eda de Salud\",\"isPartOf\":{\"@id\":\"https:\/\/www.tamaulipas.gob.mx\/salud\/#website\"},\"datePublished\":\"2016-11-01T21:58:20+00:00\",\"dateModified\":\"2016-11-04T19:25:34+00:00\",\"breadcrumb\":{\"@id\":\"https:\/\/www.tamaulipas.gob.mx\/salud\/programas\/salud-de-infancia-y-adolescencia\/salud-integral-del-nino\/#breadcrumb\"},\"inLanguage\":\"es\",\"potentialAction\":[{\"@type\":\"ReadAction\",\"target\":[\"https:\/\/www.tamaulipas.gob.mx\/salud\/programas\/salud-de-infancia-y-adolescencia\/salud-integral-del-nino\/\"]}]},{\"@type\":\"BreadcrumbList\",\"@id\":\"https:\/\/www.tamaulipas.gob.mx\/salud\/programas\/salud-de-infancia-y-adolescencia\/salud-integral-del-nino\/#breadcrumb\",\"itemListElement\":[{\"@type\":\"ListItem\",\"position\":1,\"name\":\"Portada\",\"item\":\"https:\/\/www.tamaulipas.gob.mx\/salud\/\"},{\"@type\":\"ListItem\",\"position\":2,\"name\":\"Programas\",\"item\":\"https:\/\/www.tamaulipas.gob.mx\/salud\/programas\/\"},{\"@type\":\"ListItem\",\"position\":3,\"name\":\"Salud de Infancia y Adolescencia\",\"item\":\"https:\/\/www.tamaulipas.gob.mx\/salud\/programas\/salud-de-infancia-y-adolescencia\/\"},{\"@type\":\"ListItem\",\"position\":4,\"name\":\"Salud Integral del Ni\u00f1o\"}]},{\"@type\":\"WebSite\",\"@id\":\"https:\/\/www.tamaulipas.gob.mx\/salud\/#website\",\"url\":\"https:\/\/www.tamaulipas.gob.mx\/salud\/\",\"name\":\"Secretar\u00eda de Salud\",\"description\":\"Gobierno del Estado de Tamaulipas\",\"publisher\":{\"@id\":\"https:\/\/www.tamaulipas.gob.mx\/salud\/#organization\"},\"potentialAction\":[{\"@type\":\"SearchAction\",\"target\":{\"@type\":\"EntryPoint\",\"urlTemplate\":\"https:\/\/www.tamaulipas.gob.mx\/salud\/?s={search_term_string}\"},\"query-input\":{\"@type\":\"PropertyValueSpecification\",\"valueRequired\":true,\"valueName\":\"search_term_string\"}}],\"inLanguage\":\"es\"},{\"@type\":\"Organization\",\"@id\":\"https:\/\/www.tamaulipas.gob.mx\/salud\/#organization\",\"name\":\"Secretar\u00eda de Salud de Tamaulipas\",\"url\":\"https:\/\/www.tamaulipas.gob.mx\/salud\/\",\"logo\":{\"@type\":\"ImageObject\",\"inLanguage\":\"es\",\"@id\":\"https:\/\/www.tamaulipas.gob.mx\/salud\/#\/schema\/logo\/image\/\",\"url\":\"https:\/\/www.tamaulipas.gob.mx\/salud\/wp-content\/uploads\/sites\/4\/2022\/10\/logotamaulipas2022.png\",\"contentUrl\":\"https:\/\/www.tamaulipas.gob.mx\/salud\/wp-content\/uploads\/sites\/4\/2022\/10\/logotamaulipas2022.png\",\"width\":1200,\"height\":388,\"caption\":\"Secretar\u00eda de Salud de Tamaulipas\"},\"image\":{\"@id\":\"https:\/\/www.tamaulipas.gob.mx\/salud\/#\/schema\/logo\/image\/\"},\"sameAs\":[\"https:\/\/www.facebook.com\/SaludTamaulipas\"]}]}<\/script>\n<!-- \/ Yoast SEO plugin. -->","yoast_head_json":{"title":"Salud Integral del Ni\u00f1o - Secretar\u00eda de Salud","robots":{"index":"index","follow":"follow","max-snippet":"max-snippet:-1","max-image-preview":"max-image-preview:large","max-video-preview":"max-video-preview:-1"},"canonical":"https:\/\/www.tamaulipas.gob.mx\/salud\/programas\/salud-de-infancia-y-adolescencia\/salud-integral-del-nino\/","og_locale":"es_ES","og_type":"article","og_title":"Salud Integral del Ni\u00f1o - Secretar\u00eda de Salud","og_description":"&nbsp; Programas que forman parte de Salud Integral del Ni\u00f1o Cancer en la Infancia y en la Adolescencia Tiene como objetivo brindar a los ni\u00f1os\u2026","og_url":"https:\/\/www.tamaulipas.gob.mx\/salud\/programas\/salud-de-infancia-y-adolescencia\/salud-integral-del-nino\/","og_site_name":"Secretar\u00eda de Salud","article_publisher":"https:\/\/www.facebook.com\/SaludTamaulipas","article_modified_time":"2016-11-04T19:25:34+00:00","og_image":[{"width":1200,"height":388,"url":"https:\/\/www.tamaulipas.gob.mx\/salud\/wp-content\/uploads\/sites\/4\/2022\/10\/logotamaulipas2022.png","type":"image\/png"}],"twitter_card":"summary_large_image","twitter_misc":{"Tiempo de lectura":"4 minutos"},"schema":{"@context":"https:\/\/schema.org","@graph":[{"@type":"WebPage","@id":"https:\/\/www.tamaulipas.gob.mx\/salud\/programas\/salud-de-infancia-y-adolescencia\/salud-integral-del-nino\/","url":"https:\/\/www.tamaulipas.gob.mx\/salud\/programas\/salud-de-infancia-y-adolescencia\/salud-integral-del-nino\/","name":"Salud Integral del Ni\u00f1o - Secretar\u00eda de Salud","isPartOf":{"@id":"https:\/\/www.tamaulipas.gob.mx\/salud\/#website"},"datePublished":"2016-11-01T21:58:20+00:00","dateModified":"2016-11-04T19:25:34+00:00","breadcrumb":{"@id":"https:\/\/www.tamaulipas.gob.mx\/salud\/programas\/salud-de-infancia-y-adolescencia\/salud-integral-del-nino\/#breadcrumb"},"inLanguage":"es","potentialAction":[{"@type":"ReadAction","target":["https:\/\/www.tamaulipas.gob.mx\/salud\/programas\/salud-de-infancia-y-adolescencia\/salud-integral-del-nino\/"]}]},{"@type":"BreadcrumbList","@id":"https:\/\/www.tamaulipas.gob.mx\/salud\/programas\/salud-de-infancia-y-adolescencia\/salud-integral-del-nino\/#breadcrumb","itemListElement":[{"@type":"ListItem","position":1,"name":"Portada","item":"https:\/\/www.tamaulipas.gob.mx\/salud\/"},{"@type":"ListItem","position":2,"name":"Programas","item":"https:\/\/www.tamaulipas.gob.mx\/salud\/programas\/"},{"@type":"ListItem","position":3,"name":"Salud de Infancia y Adolescencia","item":"https:\/\/www.tamaulipas.gob.mx\/salud\/programas\/salud-de-infancia-y-adolescencia\/"},{"@type":"ListItem","position":4,"name":"Salud Integral del Ni\u00f1o"}]},{"@type":"WebSite","@id":"https:\/\/www.tamaulipas.gob.mx\/salud\/#website","url":"https:\/\/www.tamaulipas.gob.mx\/salud\/","name":"Secretar\u00eda de Salud","description":"Gobierno del Estado de Tamaulipas","publisher":{"@id":"https:\/\/www.tamaulipas.gob.mx\/salud\/#organization"},"potentialAction":[{"@type":"SearchAction","target":{"@type":"EntryPoint","urlTemplate":"https:\/\/www.tamaulipas.gob.mx\/salud\/?s={search_term_string}"},"query-input":{"@type":"PropertyValueSpecification","valueRequired":true,"valueName":"search_term_string"}}],"inLanguage":"es"},{"@type":"Organization","@id":"https:\/\/www.tamaulipas.gob.mx\/salud\/#organization","name":"Secretar\u00eda de Salud de Tamaulipas","url":"https:\/\/www.tamaulipas.gob.mx\/salud\/","logo":{"@type":"ImageObject","inLanguage":"es","@id":"https:\/\/www.tamaulipas.gob.mx\/salud\/#\/schema\/logo\/image\/","url":"https:\/\/www.tamaulipas.gob.mx\/salud\/wp-content\/uploads\/sites\/4\/2022\/10\/logotamaulipas2022.png","contentUrl":"https:\/\/www.tamaulipas.gob.mx\/salud\/wp-content\/uploads\/sites\/4\/2022\/10\/logotamaulipas2022.png","width":1200,"height":388,"caption":"Secretar\u00eda de Salud de Tamaulipas"},"image":{"@id":"https:\/\/www.tamaulipas.gob.mx\/salud\/#\/schema\/logo\/image\/"},"sameAs":["https:\/\/www.facebook.com\/SaludTamaulipas"]}]}},"publishpress_future_action":{"enabled":false,"date":"2026-05-06 07:25:16","action":"change-status","newStatus":"draft","terms":[],"taxonomy":""},"_links":{"self":[{"href":"https:\/\/www.tamaulipas.gob.mx\/salud\/wp-json\/wp\/v2\/pages\/77"}],"collection":[{"href":"https:\/\/www.tamaulipas.gob.mx\/salud\/wp-json\/wp\/v2\/pages"}],"about":[{"href":"https:\/\/www.tamaulipas.gob.mx\/salud\/wp-json\/wp\/v2\/types\/page"}],"author":[{"embeddable":true,"href":"https:\/\/www.tamaulipas.gob.mx\/salud\/wp-json\/wp\/v2\/users\/3"}],"replies":[{"embeddable":true,"href":"https:\/\/www.tamaulipas.gob.mx\/salud\/wp-json\/wp\/v2\/comments?post=77"}],"version-history":[{"count":9,"href":"https:\/\/www.tamaulipas.gob.mx\/salud\/wp-json\/wp\/v2\/pages\/77\/revisions"}],"predecessor-version":[{"id":442,"href":"https:\/\/www.tamaulipas.gob.mx\/salud\/wp-json\/wp\/v2\/pages\/77\/revisions\/442"}],"up":[{"embeddable":true,"href":"https:\/\/www.tamaulipas.gob.mx\/salud\/wp-json\/wp\/v2\/pages\/58"}],"wp:attachment":[{"href":"https:\/\/www.tamaulipas.gob.mx\/salud\/wp-json\/wp\/v2\/media?parent=77"}],"curies":[{"name":"wp","href":"https:\/\/api.w.org\/{rel}","templated":true}]}}