{"id":74,"date":"2016-11-01T15:56:59","date_gmt":"2016-11-01T21:56:59","guid":{"rendered":"http:\/\/www.tamaulipas.gob.mx\/salud\/?page_id=74"},"modified":"2017-10-25T10:57:20","modified_gmt":"2017-10-25T15:57:20","slug":"salud-integral-del-adolescente","status":"publish","type":"page","link":"https:\/\/www.tamaulipas.gob.mx\/salud\/programas\/salud-de-infancia-y-adolescencia\/salud-integral-del-adolescente\/","title":{"rendered":"Salud Integral del Adolescente"},"content":{"rendered":"<div class=\"panel-group\" id=\"custom-collapse-0\">\n<div class=\"panel panel-default\">\n\t\t\t\t<div class=\"panel-heading\">\n\t\t\t\t\t<h4 class=\"panel-title\">\n\t\t\t\t\t\t<a class=\"collapsed\" data-toggle=\"collapse\" data-parent=\"#custom-collapse-0\" href=\"#custom-collapse-0-0\">Funciones B\u00e1sicas<\/a>\n\t\t\t\t\t<\/h4>\n\t\t\t\t<\/div>\n\t\t\t\t<div id=\"custom-collapse-0-0\" class=\"panel-collapse collapse\">\n\t\t\t\t\t<div class=\"panel-body\">\nDesarrollar estrategias y acciones derivadas de los programas nacionales de salud, para la aplicaci\u00f3n de programas de salud integral del adolescente, con el objetivo de mejorar la salud de las y los adolescentes mediante su atenci\u00f3n integral, promocionando estilos de vida saludables, brindando atenci\u00f3n m\u00e9dica y psicol\u00f3gica a trav\u00e9s de los m\u00f3dulos de servicios amigables del adolescente con enfoque de g\u00e9nero y residencia, desarrollar habilidades en los adolescentes que les permitan enfrentar situaciones de riesgo.<br \/>\n<\/div>\n\t\t\t\t<\/div>\n\t\t\t<\/div>\n<div class=\"panel panel-default\">\n\t\t\t\t<div class=\"panel-heading\">\n\t\t\t\t\t<h4 class=\"panel-title\">\n\t\t\t\t\t\t<a class=\"\" data-toggle=\"collapse\" data-parent=\"#custom-collapse-0\" href=\"#custom-collapse-0-1\">Misi\u00f3n y Visi\u00f3n<\/a>\n\t\t\t\t\t<\/h4>\n\t\t\t\t<\/div>\n\t\t\t\t<div id=\"custom-collapse-0-1\" class=\"panel-collapse in\">\n\t\t\t\t\t<div class=\"panel-body\">\n<p><strong>Visi\u00f3n<\/strong><br \/>\nQue los adolescentes tengan capacidades para tomar decisiones informadas y responsables para disminuir los riesgos y da\u00f1os a su salud, adquieran estilos de vida saludables, con apoyo de organismos, instituciones, sectores, sociedad y la familia, para fomentar su salud integral y bienestar.<\/p>\n<p><strong>Misi\u00f3n<\/strong><br \/>\nDesarrollar acciones preventivas, de atenci\u00f3n y de rehabilitaci\u00f3n dirigidas a la poblaci\u00f3n adolescente, con un enfoque hol\u00edstico, que les permita disponer de elementos para afrontar y superar situaciones adversas\u00a0 que favorezcan mejores perspectivas de vida y salud.<br \/>\n<\/div>\n\t\t\t\t<\/div>\n\t\t\t<\/div>\n<div class=\"panel panel-default\">\n\t\t\t\t<div class=\"panel-heading\">\n\t\t\t\t\t<h4 class=\"panel-title\">\n\t\t\t\t\t\t<a class=\"collapsed\" data-toggle=\"collapse\" data-parent=\"#custom-collapse-0\" href=\"#custom-collapse-0-2\">Objetivo General y Objetivos Espec\u00edficos<\/a>\n\t\t\t\t\t<\/h4>\n\t\t\t\t<\/div>\n\t\t\t\t<div id=\"custom-collapse-0-2\" class=\"panel-collapse collapse\">\n\t\t\t\t\t<div class=\"panel-body\">\n<p><strong>Objetivo General<\/strong><br \/>\nContribuir a<strong>\u00a0<\/strong>mejorar la salud de las y los adolescentes, mediante su atenci\u00f3n integral, con \u00e9nfasis en salud reproductiva, promoci\u00f3n de la salud, servicios personales de salud y prevenci\u00f3n de da\u00f1os, con enfoque de riesgo y g\u00e9nero.<\/p>\n<p><strong>Objetivos Espec\u00edficos<\/strong><\/p>\n<ul>\n<li>Lograr el auto cuidado de la salud del adolescente para prevenir enfermedades y riesgos a su salud.<\/li>\n<li>Disminuir los casos de embarazos y los casos infectados por ITS, VIH\/SIDA en adolescentes de 10 a 19 a\u00f1os.<\/li>\n<li>Lograr que las<strong>\u00a0<\/strong>y los adolescentes participen activamente en el auto cuidado y cuidado mutuo de la salud, mediante intervenciones universales, focalizadas y selectivas de promoci\u00f3n y prevenci\u00f3n de la salud.<\/li>\n<li>Incrementar el uso de los servicios de salud dirigidos a adolescentes.<\/li>\n<li>Mejorar la eficiencia\u00a0 de los programas de salud del adolescente con la mejor participaci\u00f3n intra e interinstitucional e intersectorial.<\/li>\n<\/ul>\n<\/div>\n\t\t\t\t<\/div>\n\t\t\t<\/div>\n<div class=\"panel panel-default\">\n\t\t\t\t<div class=\"panel-heading\">\n\t\t\t\t\t<h4 class=\"panel-title\">\n\t\t\t\t\t\t<a class=\"collapsed\" data-toggle=\"collapse\" data-parent=\"#custom-collapse-0\" href=\"#custom-collapse-0-3\">Estrategias<\/a>\n\t\t\t\t\t<\/h4>\n\t\t\t\t<\/div>\n\t\t\t\t<div id=\"custom-collapse-0-3\" class=\"panel-collapse collapse\">\n\t\t\t\t\t<div class=\"panel-body\">\n<ol start=\"1\">\n<li>Coordinar y promover acciones integradas de salud enfocadas a la familia, la comunidad y la escuela, consideradas como grupos sociales.<\/li>\n<li>Favorecer la participaci\u00f3n de los padres en la educaci\u00f3n sobre salud sexual y reproductiva de sus adolescentes.<\/li>\n<li>Promover la adopci\u00f3n de estilos de vida saludables en la poblaci\u00f3n, mediante modelos preventivos, programas de educaci\u00f3n para la salud, comunicaci\u00f3n social, \u00a0participaci\u00f3n comunitaria y movilizaci\u00f3n social.<\/li>\n<li>Brindar atenci\u00f3n m\u00e9dica, nutricional y psicol\u00f3gica a los y las adolescentes y\u00a0 embarazadas menores de 20 a\u00f1os, para mejorar su salud a trav\u00e9s de los M\u00f3dulos de Servicios Amigables del Adolescente y promover su gratuidad.<\/li>\n<li>Coordinar con el sector educativo acciones que promuevan una cultura de prevenci\u00f3n y auto cuidado de la salud sexual y reproductiva entre la poblaci\u00f3n adolescente.<\/li>\n<li>Impulsar la investigaci\u00f3n operativa que permita la mejora continua de los servicios.<\/li>\n<li>Desarrollar campa\u00f1as de prevenci\u00f3n de factores de riesgo en los adolescentes.<\/li>\n<li>Difundir las acciones de auto cuidado de la salud a trav\u00e9s de medios de comunicaci\u00f3n masiva.<\/li>\n<li>Sensibilizar a los adolescentes sobre los riesgos biopsicosociales del embarazo adolescente.<\/li>\n<li>Desarrollo de campa\u00f1as intensivas\u00a0 de prevenci\u00f3n de factores de\u00a0 riesgo en los adolescentes.<\/li>\n<li>Realizar acciones de integraci\u00f3n, motivaci\u00f3n y capacitaci\u00f3n para el personal de salud.<\/li>\n<\/ol>\n<\/div>\n\t\t\t\t<\/div>\n\t\t\t<\/div>\n<div class=\"panel panel-default\">\n\t\t\t\t<div class=\"panel-heading\">\n\t\t\t\t\t<h4 class=\"panel-title\">\n\t\t\t\t\t\t<a class=\"collapsed\" data-toggle=\"collapse\" data-parent=\"#custom-collapse-0\" href=\"#custom-collapse-0-4\">Principales Actividades<\/a>\n\t\t\t\t\t<\/h4>\n\t\t\t\t<\/div>\n\t\t\t\t<div id=\"custom-collapse-0-4\" class=\"panel-collapse collapse\">\n\t\t\t\t\t<div class=\"panel-body\">\n<ol>\n<li>Realizar cursos-taller dirigido a padres de adolescentes.<\/li>\n<li>Llevar a cabo acciones de fortalecimiento: ferias de la salud del adolescente y Rallys juveniles \u201cMi paso por la adolescencia\u201d.<\/li>\n<li>Promover proyectos de comunidades saludables dirigidos a poblaci\u00f3n adolescente.<\/li>\n<li>Otorgar el paquete de l\u00ednea de vida para adolescentes.<\/li>\n<li>Promover e incrementar la cobertura de adolescentes que reciben las intervenciones de la cartilla nacional de salud.<\/li>\n<li>Brindar capacitaci\u00f3n en salud integral con \u00e9nfasis en salud reproductiva a personal de instituciones que trabajan con adolescentes.<\/li>\n<li>Capacitar a adolescentes en los contenidos tem\u00e1ticos del programa.<\/li>\n<li>Capacitar al personal de salud en atenci\u00f3n integral al adolescente y prevenci\u00f3n de la violencia y maltrato en adolescentes.<\/li>\n<li>Realizar curso-taller sobre orientaci\u00f3n-consejer\u00eda al personal de los M\u00f3dulos de Servicios Amigables del Adolescente.<\/li>\n<li>Conformar el Grupo de Atenci\u00f3n Integral del Adolescente, GAIA.<\/li>\n<li>Fortalecer la \u00a0investigaci\u00f3n en temas relacionados con la salud de los adolescentes.<\/li>\n<li>Realizar la Semana Nacional de Salud de la Adolescencia.<\/li>\n<li>Llevar a cabo campa\u00f1as preventivas en medios de comunicaci\u00f3n masiva sobre prevenci\u00f3n de embarazo en adolescentes.<\/li>\n<li>Elaborar materiales de informaci\u00f3n, educaci\u00f3n y comunicaci\u00f3n (IEC).<\/li>\n<li>Brindar orientaci\u00f3n-consejer\u00eda a adolescentes que acuden a los M\u00f3dulos de Servicios Amigables del Adolescente en unidades de I y II nivel de atenci\u00f3n.<\/li>\n<li>Promover en el adolescente sus derechos sexuales y reproductivos.<\/li>\n<li>Conformar Grupos de Adolescentes Promotores de la Salud, GAPS en escuelas y unidades de salud.<\/li>\n<li>Capacitar al 100% de los integrantes de los GAPS.<\/li>\n<\/ol>\n<\/div>\n\t\t\t\t<\/div>\n\t\t\t<\/div>\n<div class=\"panel panel-default\">\n\t\t\t\t<div class=\"panel-heading\">\n\t\t\t\t\t<h4 class=\"panel-title\">\n\t\t\t\t\t\t<a class=\"collapsed\" data-toggle=\"collapse\" data-parent=\"#custom-collapse-0\" href=\"#custom-collapse-0-5\">Calendario<\/a>\n\t\t\t\t\t<\/h4>\n\t\t\t\t<\/div>\n\t\t\t\t<div id=\"custom-collapse-0-5\" class=\"panel-collapse collapse\">\n\t\t\t\t\t<div class=\"panel-body\">\n<ul>\n<li>Semana Nacional de Salud de la Adolescencia: tercera semana del mes de septiembre.<\/li>\n<li>D\u00eda nacional para la prevenci\u00f3n del embarazo no planeado en adolescentes: 26 de septiembre.<\/li>\n<\/ul>\n<\/div>\n\t\t\t\t<\/div>\n\t\t\t<\/div>\n<\/div>\n","protected":false},"excerpt":{"rendered":"","protected":false},"author":19,"featured_media":0,"parent":58,"menu_order":0,"comment_status":"closed","ping_status":"closed","template":"","meta":{"footnotes":""},"class_list":["post-74","page","type-page","status-publish","hentry"],"yoast_head":"<!-- This site is optimized with the Yoast SEO plugin v24.8.1 - https:\/\/yoast.com\/wordpress\/plugins\/seo\/ -->\n<title>Salud Integral del Adolescente - Secretar\u00eda de Salud<\/title>\n<meta name=\"robots\" content=\"index, follow, max-snippet:-1, max-image-preview:large, max-video-preview:-1\" \/>\n<link rel=\"canonical\" href=\"https:\/\/www.tamaulipas.gob.mx\/salud\/programas\/salud-de-infancia-y-adolescencia\/salud-integral-del-adolescente\/\" \/>\n<meta property=\"og:locale\" content=\"es_ES\" \/>\n<meta property=\"og:type\" content=\"article\" \/>\n<meta property=\"og:title\" content=\"Salud Integral del Adolescente - Secretar\u00eda de Salud\" \/>\n<meta property=\"og:url\" content=\"https:\/\/www.tamaulipas.gob.mx\/salud\/programas\/salud-de-infancia-y-adolescencia\/salud-integral-del-adolescente\/\" \/>\n<meta property=\"og:site_name\" content=\"Secretar\u00eda de Salud\" \/>\n<meta property=\"article:publisher\" content=\"https:\/\/www.facebook.com\/SaludTamaulipas\" \/>\n<meta property=\"article:modified_time\" content=\"2017-10-25T15:57:20+00:00\" \/>\n<meta property=\"og:image\" content=\"https:\/\/www.tamaulipas.gob.mx\/salud\/wp-content\/uploads\/sites\/4\/2022\/10\/logotamaulipas2022.png\" \/>\n\t<meta property=\"og:image:width\" content=\"1200\" \/>\n\t<meta property=\"og:image:height\" content=\"388\" \/>\n\t<meta property=\"og:image:type\" content=\"image\/png\" \/>\n<meta name=\"twitter:card\" content=\"summary_large_image\" \/>\n<meta name=\"twitter:label1\" content=\"Tiempo de lectura\" \/>\n\t<meta name=\"twitter:data1\" content=\"4 minutos\" \/>\n<script type=\"application\/ld+json\" class=\"yoast-schema-graph\">{\"@context\":\"https:\/\/schema.org\",\"@graph\":[{\"@type\":\"WebPage\",\"@id\":\"https:\/\/www.tamaulipas.gob.mx\/salud\/programas\/salud-de-infancia-y-adolescencia\/salud-integral-del-adolescente\/\",\"url\":\"https:\/\/www.tamaulipas.gob.mx\/salud\/programas\/salud-de-infancia-y-adolescencia\/salud-integral-del-adolescente\/\",\"name\":\"Salud Integral del Adolescente - Secretar\u00eda de Salud\",\"isPartOf\":{\"@id\":\"https:\/\/www.tamaulipas.gob.mx\/salud\/#website\"},\"datePublished\":\"2016-11-01T21:56:59+00:00\",\"dateModified\":\"2017-10-25T15:57:20+00:00\",\"breadcrumb\":{\"@id\":\"https:\/\/www.tamaulipas.gob.mx\/salud\/programas\/salud-de-infancia-y-adolescencia\/salud-integral-del-adolescente\/#breadcrumb\"},\"inLanguage\":\"es\",\"potentialAction\":[{\"@type\":\"ReadAction\",\"target\":[\"https:\/\/www.tamaulipas.gob.mx\/salud\/programas\/salud-de-infancia-y-adolescencia\/salud-integral-del-adolescente\/\"]}]},{\"@type\":\"BreadcrumbList\",\"@id\":\"https:\/\/www.tamaulipas.gob.mx\/salud\/programas\/salud-de-infancia-y-adolescencia\/salud-integral-del-adolescente\/#breadcrumb\",\"itemListElement\":[{\"@type\":\"ListItem\",\"position\":1,\"name\":\"Portada\",\"item\":\"https:\/\/www.tamaulipas.gob.mx\/salud\/\"},{\"@type\":\"ListItem\",\"position\":2,\"name\":\"Programas\",\"item\":\"https:\/\/www.tamaulipas.gob.mx\/salud\/programas\/\"},{\"@type\":\"ListItem\",\"position\":3,\"name\":\"Salud de Infancia y Adolescencia\",\"item\":\"https:\/\/www.tamaulipas.gob.mx\/salud\/programas\/salud-de-infancia-y-adolescencia\/\"},{\"@type\":\"ListItem\",\"position\":4,\"name\":\"Salud Integral del Adolescente\"}]},{\"@type\":\"WebSite\",\"@id\":\"https:\/\/www.tamaulipas.gob.mx\/salud\/#website\",\"url\":\"https:\/\/www.tamaulipas.gob.mx\/salud\/\",\"name\":\"Secretar\u00eda de Salud\",\"description\":\"Gobierno del Estado de Tamaulipas\",\"publisher\":{\"@id\":\"https:\/\/www.tamaulipas.gob.mx\/salud\/#organization\"},\"potentialAction\":[{\"@type\":\"SearchAction\",\"target\":{\"@type\":\"EntryPoint\",\"urlTemplate\":\"https:\/\/www.tamaulipas.gob.mx\/salud\/?s={search_term_string}\"},\"query-input\":{\"@type\":\"PropertyValueSpecification\",\"valueRequired\":true,\"valueName\":\"search_term_string\"}}],\"inLanguage\":\"es\"},{\"@type\":\"Organization\",\"@id\":\"https:\/\/www.tamaulipas.gob.mx\/salud\/#organization\",\"name\":\"Secretar\u00eda de Salud de Tamaulipas\",\"url\":\"https:\/\/www.tamaulipas.gob.mx\/salud\/\",\"logo\":{\"@type\":\"ImageObject\",\"inLanguage\":\"es\",\"@id\":\"https:\/\/www.tamaulipas.gob.mx\/salud\/#\/schema\/logo\/image\/\",\"url\":\"https:\/\/www.tamaulipas.gob.mx\/salud\/wp-content\/uploads\/sites\/4\/2022\/10\/logotamaulipas2022.png\",\"contentUrl\":\"https:\/\/www.tamaulipas.gob.mx\/salud\/wp-content\/uploads\/sites\/4\/2022\/10\/logotamaulipas2022.png\",\"width\":1200,\"height\":388,\"caption\":\"Secretar\u00eda de Salud de Tamaulipas\"},\"image\":{\"@id\":\"https:\/\/www.tamaulipas.gob.mx\/salud\/#\/schema\/logo\/image\/\"},\"sameAs\":[\"https:\/\/www.facebook.com\/SaludTamaulipas\"]}]}<\/script>\n<!-- \/ Yoast SEO plugin. -->","yoast_head_json":{"title":"Salud Integral del Adolescente - Secretar\u00eda de Salud","robots":{"index":"index","follow":"follow","max-snippet":"max-snippet:-1","max-image-preview":"max-image-preview:large","max-video-preview":"max-video-preview:-1"},"canonical":"https:\/\/www.tamaulipas.gob.mx\/salud\/programas\/salud-de-infancia-y-adolescencia\/salud-integral-del-adolescente\/","og_locale":"es_ES","og_type":"article","og_title":"Salud Integral del Adolescente - Secretar\u00eda de Salud","og_url":"https:\/\/www.tamaulipas.gob.mx\/salud\/programas\/salud-de-infancia-y-adolescencia\/salud-integral-del-adolescente\/","og_site_name":"Secretar\u00eda de Salud","article_publisher":"https:\/\/www.facebook.com\/SaludTamaulipas","article_modified_time":"2017-10-25T15:57:20+00:00","og_image":[{"width":1200,"height":388,"url":"https:\/\/www.tamaulipas.gob.mx\/salud\/wp-content\/uploads\/sites\/4\/2022\/10\/logotamaulipas2022.png","type":"image\/png"}],"twitter_card":"summary_large_image","twitter_misc":{"Tiempo de lectura":"4 minutos"},"schema":{"@context":"https:\/\/schema.org","@graph":[{"@type":"WebPage","@id":"https:\/\/www.tamaulipas.gob.mx\/salud\/programas\/salud-de-infancia-y-adolescencia\/salud-integral-del-adolescente\/","url":"https:\/\/www.tamaulipas.gob.mx\/salud\/programas\/salud-de-infancia-y-adolescencia\/salud-integral-del-adolescente\/","name":"Salud Integral del Adolescente - Secretar\u00eda de Salud","isPartOf":{"@id":"https:\/\/www.tamaulipas.gob.mx\/salud\/#website"},"datePublished":"2016-11-01T21:56:59+00:00","dateModified":"2017-10-25T15:57:20+00:00","breadcrumb":{"@id":"https:\/\/www.tamaulipas.gob.mx\/salud\/programas\/salud-de-infancia-y-adolescencia\/salud-integral-del-adolescente\/#breadcrumb"},"inLanguage":"es","potentialAction":[{"@type":"ReadAction","target":["https:\/\/www.tamaulipas.gob.mx\/salud\/programas\/salud-de-infancia-y-adolescencia\/salud-integral-del-adolescente\/"]}]},{"@type":"BreadcrumbList","@id":"https:\/\/www.tamaulipas.gob.mx\/salud\/programas\/salud-de-infancia-y-adolescencia\/salud-integral-del-adolescente\/#breadcrumb","itemListElement":[{"@type":"ListItem","position":1,"name":"Portada","item":"https:\/\/www.tamaulipas.gob.mx\/salud\/"},{"@type":"ListItem","position":2,"name":"Programas","item":"https:\/\/www.tamaulipas.gob.mx\/salud\/programas\/"},{"@type":"ListItem","position":3,"name":"Salud de Infancia y Adolescencia","item":"https:\/\/www.tamaulipas.gob.mx\/salud\/programas\/salud-de-infancia-y-adolescencia\/"},{"@type":"ListItem","position":4,"name":"Salud Integral del Adolescente"}]},{"@type":"WebSite","@id":"https:\/\/www.tamaulipas.gob.mx\/salud\/#website","url":"https:\/\/www.tamaulipas.gob.mx\/salud\/","name":"Secretar\u00eda de Salud","description":"Gobierno del Estado de Tamaulipas","publisher":{"@id":"https:\/\/www.tamaulipas.gob.mx\/salud\/#organization"},"potentialAction":[{"@type":"SearchAction","target":{"@type":"EntryPoint","urlTemplate":"https:\/\/www.tamaulipas.gob.mx\/salud\/?s={search_term_string}"},"query-input":{"@type":"PropertyValueSpecification","valueRequired":true,"valueName":"search_term_string"}}],"inLanguage":"es"},{"@type":"Organization","@id":"https:\/\/www.tamaulipas.gob.mx\/salud\/#organization","name":"Secretar\u00eda de Salud de Tamaulipas","url":"https:\/\/www.tamaulipas.gob.mx\/salud\/","logo":{"@type":"ImageObject","inLanguage":"es","@id":"https:\/\/www.tamaulipas.gob.mx\/salud\/#\/schema\/logo\/image\/","url":"https:\/\/www.tamaulipas.gob.mx\/salud\/wp-content\/uploads\/sites\/4\/2022\/10\/logotamaulipas2022.png","contentUrl":"https:\/\/www.tamaulipas.gob.mx\/salud\/wp-content\/uploads\/sites\/4\/2022\/10\/logotamaulipas2022.png","width":1200,"height":388,"caption":"Secretar\u00eda de Salud de Tamaulipas"},"image":{"@id":"https:\/\/www.tamaulipas.gob.mx\/salud\/#\/schema\/logo\/image\/"},"sameAs":["https:\/\/www.facebook.com\/SaludTamaulipas"]}]}},"publishpress_future_action":{"enabled":false,"date":"2026-05-06 07:17:27","action":"change-status","newStatus":"draft","terms":[],"taxonomy":""},"_links":{"self":[{"href":"https:\/\/www.tamaulipas.gob.mx\/salud\/wp-json\/wp\/v2\/pages\/74"}],"collection":[{"href":"https:\/\/www.tamaulipas.gob.mx\/salud\/wp-json\/wp\/v2\/pages"}],"about":[{"href":"https:\/\/www.tamaulipas.gob.mx\/salud\/wp-json\/wp\/v2\/types\/page"}],"author":[{"embeddable":true,"href":"https:\/\/www.tamaulipas.gob.mx\/salud\/wp-json\/wp\/v2\/users\/19"}],"replies":[{"embeddable":true,"href":"https:\/\/www.tamaulipas.gob.mx\/salud\/wp-json\/wp\/v2\/comments?post=74"}],"version-history":[{"count":7,"href":"https:\/\/www.tamaulipas.gob.mx\/salud\/wp-json\/wp\/v2\/pages\/74\/revisions"}],"predecessor-version":[{"id":2515,"href":"https:\/\/www.tamaulipas.gob.mx\/salud\/wp-json\/wp\/v2\/pages\/74\/revisions\/2515"}],"up":[{"embeddable":true,"href":"https:\/\/www.tamaulipas.gob.mx\/salud\/wp-json\/wp\/v2\/pages\/58"}],"wp:attachment":[{"href":"https:\/\/www.tamaulipas.gob.mx\/salud\/wp-json\/wp\/v2\/media?parent=74"}],"curies":[{"name":"wp","href":"https:\/\/api.w.org\/{rel}","templated":true}]}}