{"id":62,"date":"2016-11-01T15:52:33","date_gmt":"2016-11-01T21:52:33","guid":{"rendered":"http:\/\/www.tamaulipas.gob.mx\/salud\/?page_id=62"},"modified":"2017-10-25T10:53:19","modified_gmt":"2017-10-25T15:53:19","slug":"discapacidad","status":"publish","type":"page","link":"https:\/\/www.tamaulipas.gob.mx\/salud\/programas\/salud-de-infancia-y-adolescencia\/discapacidad\/","title":{"rendered":"Discapacidad"},"content":{"rendered":"<p><strong>Objetivo del Programa<\/strong><\/p>\n<p>Prevenir la discapacidad en la poblaci\u00f3n tamaulipeca y contribuir a que las personas con discapacidad disfruten del derecho al m\u00e1s alto nivel posible de salud, sin discriminaci\u00f3n, mediante el establecimiento de pol\u00edticas p\u00fablicas y estrategias en materia de promoci\u00f3n, prevenci\u00f3n y detecci\u00f3n temprana, tratamiento oportuno, habilitaci\u00f3n y rehabilitaci\u00f3n.<\/p>\n<p>&nbsp;<\/p>\n<p><strong>Objetivos \u00a0Espec\u00edficos<\/strong><\/p>\n<ul>\n<li>Promover la cultura de prevenci\u00f3n de la discapacidad en prestadores de servicios de salud y poblaci\u00f3n general.<\/li>\n<li>Prevenir enfermedades discapacitantes, mediante acciones y programas de salud p\u00fablica dirigidos al diagn\u00f3stico oportuno y a la atenci\u00f3n temprana de la discapacidad, en todos los grupos de edad.<\/li>\n<li>Garantizar la atenci\u00f3n Integral y la prestaci\u00f3n de servicios de habilitaci\u00f3n y rehabilitaci\u00f3n con calidad a poblaci\u00f3n con discapacidad para mejorar su calidad de vida y favorecer su integraci\u00f3n \u00a0a la sociedad, con absoluto respeto\u00a0 a sus derechos y a su libre decisi\u00f3n.<\/li>\n<li>Contribuir\u00a0 al desarrollo del Sistema Nacional de Informaci\u00f3n sobre\u00a0 Discapacidad.<\/li>\n<\/ul>\n<p>&nbsp;<\/p>\n<p><strong>L\u00edneas de Acci\u00f3n y\u00a0Estrategias<\/strong><\/p>\n<div class=\"panel-group\" id=\"custom-collapse-0\">\n<div class=\"panel panel-default\">\n\t\t\t\t<div class=\"panel-heading\">\n\t\t\t\t\t<h4 class=\"panel-title\">\n\t\t\t\t\t\t<a class=\"\" data-toggle=\"collapse\" data-parent=\"#custom-collapse-0\" href=\"#custom-collapse-0-0\">Estrategia 1.<\/a>\n\t\t\t\t\t<\/h4>\n\t\t\t\t<\/div>\n\t\t\t\t<div id=\"custom-collapse-0-0\" class=\"panel-collapse in\">\n\t\t\t\t\t<div class=\"panel-body\">\n<p>Proporcionar informaci\u00f3n, orientaci\u00f3n y capacitaci\u00f3n a prestadores de servicios y poblaci\u00f3n en general, para la prevenci\u00f3n de la discapacidad en cada uno de los grupos de edad, con enfoque de g\u00e9nero.<\/p>\n<p><strong>1.1<\/strong>\u00a0Desarrollar y difundir campa\u00f1as de sensibilizaci\u00f3n a trav\u00e9s de medios masivos de comunicaci\u00f3n, que fomenten el cuidado de la salud y propicien h\u00e1bitos y comportamientos saludables.<\/p>\n<p><strong>1.2<\/strong>\u00a0Implementar programas educativos y de orientaci\u00f3n dirigidos a prestadores de servicios de salud, con \u00e9nfasis en prevenci\u00f3n de la discapacidad y los derechos de las personas con discapacidad.<\/p>\n<p><strong>1.3<\/strong>\u00a0Elaborar material educativo y de promoci\u00f3n para poblaci\u00f3n en general, incluyendo portales en internet.<br \/>\n<\/div>\n\t\t\t\t<\/div>\n\t\t\t<\/div>\n<div class=\"panel panel-default\">\n\t\t\t\t<div class=\"panel-heading\">\n\t\t\t\t\t<h4 class=\"panel-title\">\n\t\t\t\t\t\t<a class=\"collapsed\" data-toggle=\"collapse\" data-parent=\"#custom-collapse-0\" href=\"#custom-collapse-0-1\">Estrategia 2.<\/a>\n\t\t\t\t\t<\/h4>\n\t\t\t\t<\/div>\n\t\t\t\t<div id=\"custom-collapse-0-1\" class=\"panel-collapse collapse\">\n\t\t\t\t\t<div class=\"panel-body\">\n<p>Establecer coordinaci\u00f3n con las instituciones del sector salud para impulsar y fortalecer acciones de promoci\u00f3n de la salud y prevenci\u00f3n de la discapacidad dirigida a la poblaci\u00f3n general del pa\u00eds.<\/p>\n<p><strong>2.1<\/strong>\u00a0Brindar orientaci\u00f3n a la poblaci\u00f3n para prevenir problemas de nutrici\u00f3n, enfermedades infecto-contagiosas, enfermedades cr\u00f3nico-degenerativas, embarazos de riesgo, enfermedades gen\u00e9ticas y conductas de riesgo de la discapacidad en general.<\/p>\n<p><strong>2.2<\/strong>\u00a0Sensibilizar a la poblaci\u00f3n general de las ventajas de la aplicaci\u00f3n de vacunas en los diferentes grupos de edad y garantizar la prestaci\u00f3n de este servicio en todas las instituciones del Sector.<\/p>\n<p><strong>2.3<\/strong>\u00a0Asegurar la dotaci\u00f3n de \u00e1cido f\u00f3lico y otros suplementos a mujeres en edad f\u00e9rtil para la prevenci\u00f3n de la discapacidad al nacimiento.<\/p>\n<p><strong>2.4<\/strong>\u00a0Brindar consejo gen\u00e9tico a mujeres y hombres en edad f\u00e9rtil, principalmente a grupos de riesgo.<\/p>\n<p><strong>2.5<\/strong>\u00a0Otorgar orientaci\u00f3n-consejer\u00eda en materia de salud sexual y reproductiva a mujeres y hombres en edad f\u00e9rtil.<\/p>\n<p><strong>2.6<\/strong>\u00a0Fomentar la prevenci\u00f3n de accidentes entre la poblaci\u00f3n general y la reducci\u00f3n de riesgos en el mercado laboral.<br \/>\n<\/div>\n\t\t\t\t<\/div>\n\t\t\t<\/div>\n<div class=\"panel panel-default\">\n\t\t\t\t<div class=\"panel-heading\">\n\t\t\t\t\t<h4 class=\"panel-title\">\n\t\t\t\t\t\t<a class=\"collapsed\" data-toggle=\"collapse\" data-parent=\"#custom-collapse-0\" href=\"#custom-collapse-0-2\">Estrategia 3.<\/a>\n\t\t\t\t\t<\/h4>\n\t\t\t\t<\/div>\n\t\t\t\t<div id=\"custom-collapse-0-2\" class=\"panel-collapse collapse\">\n\t\t\t\t\t<div class=\"panel-body\">\n<p>Impulsar en las instituciones del Sector Salud programas y acciones para la detecci\u00f3n temprana y atenci\u00f3n oportuna de defectos al nacimiento.<\/p>\n<p><strong>3.1<\/strong>\u00a0Impulsar en todas las instituciones del sector salud un programa para la detecci\u00f3n temprana de alteraciones auditivas en el reci\u00e9n nacido.<\/p>\n<p><strong>3.2<\/strong>\u00a0Implantar programas institucionales para la identificaci\u00f3n temprana y tratamiento oportuno de displasia del desarrollo de la cadera y casos de pie equino varo cong\u00e9nito en reci\u00e9n nacidos.<\/p>\n<p><strong>3.3<\/strong>\u00a0Fortalecer las acciones para la detecci\u00f3n oportuna de hipotiroidismo cong\u00e9nito y de errores innatos del metabolismo en reci\u00e9n nacidos.<\/p>\n<\/div>\n\t\t\t\t<\/div>\n\t\t\t<\/div>\n<div class=\"panel panel-default\">\n\t\t\t\t<div class=\"panel-heading\">\n\t\t\t\t\t<h4 class=\"panel-title\">\n\t\t\t\t\t\t<a class=\"collapsed\" data-toggle=\"collapse\" data-parent=\"#custom-collapse-0\" href=\"#custom-collapse-0-3\">Estrategia 4.<\/a>\n\t\t\t\t\t<\/h4>\n\t\t\t\t<\/div>\n\t\t\t\t<div id=\"custom-collapse-0-3\" class=\"panel-collapse collapse\">\n\t\t\t\t\t<div class=\"panel-body\">\n<p>Fortalecer los programas institucionales para reducir la incidencia de discapacidad visual y discapacidad motriz secundarias a enfermedades reum\u00e1ticas y cr\u00f3nicas degenerativas, principalmente en adultos mayores.<\/p>\n<p><strong>4.1<\/strong>\u00a0Impulsar programas institucionales para la detecci\u00f3n oportuna y tratamiento adecuado para reducir la incidencia de enfermedades reum\u00e1ticas discapacitantes, principalmente en adultos mayores.<\/p>\n<p><strong>4.2<\/strong>\u00a0Fortalecer el programa de cirug\u00eda de cataratas y extender su beneficio a un mayor n\u00famero de personas con este tipo de padecimiento.<\/p>\n<p><strong>4.3<\/strong>\u00a0Proporcionar servicios de orientaci\u00f3n-consejer\u00eda a adultos mayores y sus familiares enfocados a la prevenci\u00f3n de ca\u00eddas, as\u00ed como a la prevenci\u00f3n de enfermedades metab\u00f3licas (osteoporosis, osteopenia).<\/p>\n<p><strong>4.4<\/strong>\u00a0Mejorar la calidad de la atenci\u00f3n de las personas con enfermedades cr\u00f3nico-degenerativas para reducir el riesgo de discapacidad secundaria a complicaciones.<br \/>\n<\/div>\n\t\t\t\t<\/div>\n\t\t\t<\/div>\n<div class=\"panel panel-default\">\n\t\t\t\t<div class=\"panel-heading\">\n\t\t\t\t\t<h4 class=\"panel-title\">\n\t\t\t\t\t\t<a class=\"collapsed\" data-toggle=\"collapse\" data-parent=\"#custom-collapse-0\" href=\"#custom-collapse-0-4\">Estrategia 5.<\/a>\n\t\t\t\t\t<\/h4>\n\t\t\t\t<\/div>\n\t\t\t\t<div id=\"custom-collapse-0-4\" class=\"panel-collapse collapse\">\n\t\t\t\t\t<div class=\"panel-body\">\n<p>Implementar acciones de capacitaci\u00f3n y educaci\u00f3n continua en materia de discapacidad y rehabilitaci\u00f3n, dirigidas al personal de salud.<\/p>\n<p><strong>5.1<\/strong>\u00a0Promover con instituciones acad\u00e9micas, p\u00fablicas y privadas, la inclusi\u00f3n de temas sobre discapacidad y rehabilitaci\u00f3n en los planes de estudio de las carreras de Medicina, Enfermer\u00eda, Arquitectura, Ingenier\u00eda, Leyes, y otras asociadas con el tema.<\/p>\n<p><strong>5.2<\/strong>\u00a0Desarrollar e implantar cursos de educaci\u00f3n continua en temas de prevenci\u00f3n de la discapacidad, as\u00ed como de atenci\u00f3n integral y rehabilitaci\u00f3n a personas con discapacidad en las instituciones del Sector Salud.<\/p>\n<p><strong>5.3<\/strong>\u00a0Certificar al personal m\u00e9dico y administrativo que otorga servicios de salud y rehabilitaci\u00f3n a personas con discapacidad.<br \/>\n<\/div>\n\t\t\t\t<\/div>\n\t\t\t<\/div>\n<div class=\"panel panel-default\">\n\t\t\t\t<div class=\"panel-heading\">\n\t\t\t\t\t<h4 class=\"panel-title\">\n\t\t\t\t\t\t<a class=\"collapsed\" data-toggle=\"collapse\" data-parent=\"#custom-collapse-0\" href=\"#custom-collapse-0-5\">Estrategia 6.<\/a>\n\t\t\t\t\t<\/h4>\n\t\t\t\t<\/div>\n\t\t\t\t<div id=\"custom-collapse-0-5\" class=\"panel-collapse collapse\">\n\t\t\t\t\t<div class=\"panel-body\">\n<p>Elaborar y expedir normas oficiales, lineamientos t\u00e9cnicos y gu\u00edas de\u00a0 pr\u00e1ctica cl\u00ednica para la atenci\u00f3n integral y rehabilitaci\u00f3n de las personas con discapacidad.<\/p>\n<p><strong>6.1<\/strong>\u00a0Actualizar la Norma Oficial Mexicana NOM-173-SSA1-1998, para la Atenci\u00f3n Integral a Personas con Discapacidad.<\/p>\n<p><strong>6.2<\/strong>\u00a0Actualizar la Norma Oficial Mexicana NOM-233-SSA1-2003 que establece los requisitos arquitect\u00f3nicos para facilitar el acceso, tr\u00e1nsito, uso y permanencia de las personas con discapacidad en establecimientos de atenci\u00f3n m\u00e9dica y hospitalaria del Sistema Nacional de Salud.<\/p>\n<p><strong>6.3<\/strong>\u00a0Elaborar y difundir lineamientos t\u00e9cnicos para la atenci\u00f3n integral de los padecimientos discapacitantes m\u00e1s frecuentes entre la poblaci\u00f3n.<\/p>\n<p><strong>6.4<\/strong>\u00a0Elaborar y difundir gu\u00edas de pr\u00e1ctica cl\u00ednica para la atenci\u00f3n integral de personas con discapacidad, por causa de los padecimientos m\u00e1s comunes en el pa\u00eds.<\/p>\n<\/div>\n\t\t\t\t<\/div>\n\t\t\t<\/div>\n<div class=\"panel panel-default\">\n\t\t\t\t<div class=\"panel-heading\">\n\t\t\t\t\t<h4 class=\"panel-title\">\n\t\t\t\t\t\t<a class=\"collapsed\" data-toggle=\"collapse\" data-parent=\"#custom-collapse-0\" href=\"#custom-collapse-0-6\">Estrategia 7.<\/a>\n\t\t\t\t\t<\/h4>\n\t\t\t\t<\/div>\n\t\t\t\t<div id=\"custom-collapse-0-6\" class=\"panel-collapse collapse\">\n\t\t\t\t\t<div class=\"panel-body\">\n<p>Fortalecer la infraestructura f\u00edsica en los tres niveles de atenci\u00f3n para brindar tratamiento y atenci\u00f3n especializada a las personas con discapacidad.<\/p>\n<p><strong>7.1<\/strong>\u00a0Promover la apertura de servicios de rehabilitaci\u00f3n en los tres niveles de atenci\u00f3n, en los que participen de manera activa las personas con discapacidad y sus familias en las sesiones de terapia.<\/p>\n<p><strong>7.2<\/strong>\u00a0Facilitar la accesibilidad y el libre desplazamiento de las personas con discapacidad en unidades m\u00e9dicas y hospitales de todas las instituciones del Sector.<\/p>\n<p><strong>7.3<\/strong>\u00a0Fortalecer los servicios de rehabilitaci\u00f3n existentes, con personal y equipo de tecnolog\u00eda de vanguardia y alta capacidad resolutiva.<\/p>\n<p><strong>7.4<\/strong>\u00a0Promover la creaci\u00f3n de centros de apoyo y orientaci\u00f3n psicol\u00f3gica para las personas con discapacidad y sus familias.<br \/>\n<\/div>\n\t\t\t\t<\/div>\n\t\t\t<\/div>\n<div class=\"panel panel-default\">\n\t\t\t\t<div class=\"panel-heading\">\n\t\t\t\t\t<h4 class=\"panel-title\">\n\t\t\t\t\t\t<a class=\"collapsed\" data-toggle=\"collapse\" data-parent=\"#custom-collapse-0\" href=\"#custom-collapse-0-7\">Estrategia 8.<\/a>\n\t\t\t\t\t<\/h4>\n\t\t\t\t<\/div>\n\t\t\t\t<div id=\"custom-collapse-0-7\" class=\"panel-collapse collapse\">\n\t\t\t\t\t<div class=\"panel-body\">\n<p>Mejorar la calidad de los servicios de atenci\u00f3n integral, habilitaci\u00f3n y rehabilitaci\u00f3n que se proporcionan a las personas con discapacidad.<\/p>\n<p><strong>8.1<\/strong>\u00a0Desarrollar programas para la atenci\u00f3n integral y rehabilitaci\u00f3n de personas, acordes a los diferentes tipos de discapacidad.<\/p>\n<p><strong>8.2<\/strong>\u00a0Otorgar servicios de educaci\u00f3n para la salud, apoyo psicol\u00f3gico y entrenamiento, tanto a las personas con discapacidad como a sus familias, para facilitar los procesos de rehabilitaci\u00f3n, habilitaci\u00f3n e integraci\u00f3n social.<\/p>\n<p><strong>8.3<\/strong>\u00a0Establecer coordinaci\u00f3n con las Unidades de Especialidades M\u00e9dicas en Salud Mental para asegurar la atenci\u00f3n de las personas con este tipo de discapacidad.<\/p>\n<p><strong>8.4<\/strong>\u00a0Promover la participaci\u00f3n activa de las personas con discapacidad y de sus familias en los programas de rehabilitaci\u00f3n.<\/p>\n<p><strong>8.5<\/strong>\u00a0Proporcionar servicios de salud sexual y reproductiva a personas con discapacidad, incluyendo informaci\u00f3n para la prevenci\u00f3n del VIH\/SIDA, con absoluto respeto a sus derechos y a su libre decisi\u00f3n.<\/p>\n<p><strong>8.6<\/strong>\u00a0Celebrar convenios de colaboraci\u00f3n con las instancias que correspondan para constituir bancos de pr\u00f3tesis, ortesis y ayudas t\u00e9cnicas, as\u00ed como para brindar atenci\u00f3n especializada a personas con discapacidad intelectual en centros asistenciales.<\/p>\n<p><strong>8.7<\/strong>\u00a0Certificar las unidades m\u00e9dicas y hospitales del sector salud que re\u00fanen las caracter\u00edsticas necesarias para la atenci\u00f3n integral y rehabilitaci\u00f3n de personas con discapacidad.<\/p>\n<\/div>\n\t\t\t\t<\/div>\n\t\t\t<\/div>\n<div class=\"panel panel-default\">\n\t\t\t\t<div class=\"panel-heading\">\n\t\t\t\t\t<h4 class=\"panel-title\">\n\t\t\t\t\t\t<a class=\"collapsed\" data-toggle=\"collapse\" data-parent=\"#custom-collapse-0\" href=\"#custom-collapse-0-8\">Estrategia 9.<\/a>\n\t\t\t\t\t<\/h4>\n\t\t\t\t<\/div>\n\t\t\t\t<div id=\"custom-collapse-0-8\" class=\"panel-collapse collapse\">\n\t\t\t\t\t<div class=\"panel-body\">\n<p>Promover el uso de la Clasificaci\u00f3n Internacional del Funcionamiento, de la Discapacidad y de la Salud (CIF).<\/p>\n<p><strong>9.1<\/strong>\u00a0Difundir la CIF en todas las instituciones del Sector Salud, con la participaci\u00f3n de la Direcci\u00f3n General de Informaci\u00f3n en Salud y un equipo de expertos en la materia.<\/p>\n<p><strong>9.2<\/strong>\u00a0Capacitar a tomadores de decisiones y prestadores de servicios de salud en el uso de la CIF.<\/p>\n<p><strong>9.3<\/strong>\u00a0Implementar la CIF en instituciones del Sector Salud y organismos responsables de la generaci\u00f3n de informaci\u00f3n.<br \/>\n<\/div>\n\t\t\t\t<\/div>\n\t\t\t<\/div>\n<div class=\"panel panel-default\">\n\t\t\t\t<div class=\"panel-heading\">\n\t\t\t\t\t<h4 class=\"panel-title\">\n\t\t\t\t\t\t<a class=\"collapsed\" data-toggle=\"collapse\" data-parent=\"#custom-collapse-0\" href=\"#custom-collapse-0-9\">Estrategia 10.<\/a>\n\t\t\t\t\t<\/h4>\n\t\t\t\t<\/div>\n\t\t\t\t<div id=\"custom-collapse-0-9\" class=\"panel-collapse collapse\">\n\t\t\t\t\t<div class=\"panel-body\">\n<p>Impulsar la generaci\u00f3n de informaci\u00f3n oficial y sistem\u00e1tica sobre discapacidad en los sistemas de informaci\u00f3n institucionales.<\/p>\n<p><strong>10.1<\/strong>\u00a0Integrar al Sistema Nacional de Vigilancia Epidemiol\u00f3gica la notificaci\u00f3n obligatoria de los casos nuevos por tipo de discapacidad que se presenten en unidades m\u00e9dicas de los sectores p\u00fablico, social y privado.<\/p>\n<p><strong>10.2<\/strong>\u00a0Adecuar y actualizar los sistemas oficiales de informaci\u00f3n de las instituciones del Sector para asegurar la producci\u00f3n sistem\u00e1tica y uniforme de informaci\u00f3n sobre prestaci\u00f3n de servicios a personas con discapacidad.<\/p>\n<p><strong>10.3<\/strong>\u00a0Gestionar la producci\u00f3n de informaci\u00f3n sobre discapacidad mediante encuestas y estudios especiales, para actualizar continuamente la prevalencia de discapacidad y dar seguimiento al comportamiento de este indicador.<\/p>\n<p><strong>10.4<\/strong>\u00a0Celebrar convenios de colaboraci\u00f3n con instituciones educativas p\u00fablicas y privadas, as\u00ed como con organismos internacionales, para impulsar la investigaci\u00f3n en materia de discapacidad para apoyar la toma de decisiones con base en la evidencia cient\u00edfica.<br \/>\n<\/div>\n\t\t\t\t<\/div>\n\t\t\t<\/div>\n<\/div>\n<p>&nbsp;<\/p>\n","protected":false},"excerpt":{"rendered":"<p>Objetivo del Programa Prevenir la discapacidad en la poblaci\u00f3n tamaulipeca y contribuir a que las personas con discapacidad disfruten del derecho al m\u00e1s alto nivel\u2026<\/p>\n","protected":false},"author":19,"featured_media":0,"parent":58,"menu_order":0,"comment_status":"closed","ping_status":"closed","template":"","meta":{"footnotes":""},"class_list":["post-62","page","type-page","status-publish","hentry"],"yoast_head":"<!-- This site is optimized with the Yoast SEO plugin v24.8.1 - https:\/\/yoast.com\/wordpress\/plugins\/seo\/ -->\n<title>Discapacidad - Secretar\u00eda de Salud<\/title>\n<meta name=\"robots\" content=\"index, follow, max-snippet:-1, max-image-preview:large, max-video-preview:-1\" \/>\n<link rel=\"canonical\" href=\"https:\/\/www.tamaulipas.gob.mx\/salud\/programas\/salud-de-infancia-y-adolescencia\/discapacidad\/\" \/>\n<meta property=\"og:locale\" content=\"es_ES\" \/>\n<meta property=\"og:type\" content=\"article\" \/>\n<meta property=\"og:title\" content=\"Discapacidad - Secretar\u00eda de Salud\" \/>\n<meta property=\"og:description\" content=\"Objetivo del Programa Prevenir la discapacidad en la poblaci\u00f3n tamaulipeca y contribuir a que las personas con discapacidad disfruten del derecho al m\u00e1s alto nivel\u2026\" \/>\n<meta property=\"og:url\" content=\"https:\/\/www.tamaulipas.gob.mx\/salud\/programas\/salud-de-infancia-y-adolescencia\/discapacidad\/\" \/>\n<meta property=\"og:site_name\" content=\"Secretar\u00eda de Salud\" \/>\n<meta property=\"article:publisher\" content=\"https:\/\/www.facebook.com\/SaludTamaulipas\" \/>\n<meta property=\"article:modified_time\" content=\"2017-10-25T15:53:19+00:00\" \/>\n<meta property=\"og:image\" content=\"https:\/\/www.tamaulipas.gob.mx\/salud\/wp-content\/uploads\/sites\/4\/2022\/10\/logotamaulipas2022.png\" \/>\n\t<meta property=\"og:image:width\" content=\"1200\" \/>\n\t<meta property=\"og:image:height\" content=\"388\" \/>\n\t<meta property=\"og:image:type\" content=\"image\/png\" \/>\n<meta name=\"twitter:card\" content=\"summary_large_image\" \/>\n<meta name=\"twitter:label1\" content=\"Tiempo de lectura\" \/>\n\t<meta name=\"twitter:data1\" content=\"8 minutos\" \/>\n<script type=\"application\/ld+json\" class=\"yoast-schema-graph\">{\"@context\":\"https:\/\/schema.org\",\"@graph\":[{\"@type\":\"WebPage\",\"@id\":\"https:\/\/www.tamaulipas.gob.mx\/salud\/programas\/salud-de-infancia-y-adolescencia\/discapacidad\/\",\"url\":\"https:\/\/www.tamaulipas.gob.mx\/salud\/programas\/salud-de-infancia-y-adolescencia\/discapacidad\/\",\"name\":\"Discapacidad - Secretar\u00eda de Salud\",\"isPartOf\":{\"@id\":\"https:\/\/www.tamaulipas.gob.mx\/salud\/#website\"},\"datePublished\":\"2016-11-01T21:52:33+00:00\",\"dateModified\":\"2017-10-25T15:53:19+00:00\",\"breadcrumb\":{\"@id\":\"https:\/\/www.tamaulipas.gob.mx\/salud\/programas\/salud-de-infancia-y-adolescencia\/discapacidad\/#breadcrumb\"},\"inLanguage\":\"es\",\"potentialAction\":[{\"@type\":\"ReadAction\",\"target\":[\"https:\/\/www.tamaulipas.gob.mx\/salud\/programas\/salud-de-infancia-y-adolescencia\/discapacidad\/\"]}]},{\"@type\":\"BreadcrumbList\",\"@id\":\"https:\/\/www.tamaulipas.gob.mx\/salud\/programas\/salud-de-infancia-y-adolescencia\/discapacidad\/#breadcrumb\",\"itemListElement\":[{\"@type\":\"ListItem\",\"position\":1,\"name\":\"Portada\",\"item\":\"https:\/\/www.tamaulipas.gob.mx\/salud\/\"},{\"@type\":\"ListItem\",\"position\":2,\"name\":\"Programas\",\"item\":\"https:\/\/www.tamaulipas.gob.mx\/salud\/programas\/\"},{\"@type\":\"ListItem\",\"position\":3,\"name\":\"Salud de Infancia y Adolescencia\",\"item\":\"https:\/\/www.tamaulipas.gob.mx\/salud\/programas\/salud-de-infancia-y-adolescencia\/\"},{\"@type\":\"ListItem\",\"position\":4,\"name\":\"Discapacidad\"}]},{\"@type\":\"WebSite\",\"@id\":\"https:\/\/www.tamaulipas.gob.mx\/salud\/#website\",\"url\":\"https:\/\/www.tamaulipas.gob.mx\/salud\/\",\"name\":\"Secretar\u00eda de Salud\",\"description\":\"Gobierno del Estado de Tamaulipas\",\"publisher\":{\"@id\":\"https:\/\/www.tamaulipas.gob.mx\/salud\/#organization\"},\"potentialAction\":[{\"@type\":\"SearchAction\",\"target\":{\"@type\":\"EntryPoint\",\"urlTemplate\":\"https:\/\/www.tamaulipas.gob.mx\/salud\/?s={search_term_string}\"},\"query-input\":{\"@type\":\"PropertyValueSpecification\",\"valueRequired\":true,\"valueName\":\"search_term_string\"}}],\"inLanguage\":\"es\"},{\"@type\":\"Organization\",\"@id\":\"https:\/\/www.tamaulipas.gob.mx\/salud\/#organization\",\"name\":\"Secretar\u00eda de Salud de Tamaulipas\",\"url\":\"https:\/\/www.tamaulipas.gob.mx\/salud\/\",\"logo\":{\"@type\":\"ImageObject\",\"inLanguage\":\"es\",\"@id\":\"https:\/\/www.tamaulipas.gob.mx\/salud\/#\/schema\/logo\/image\/\",\"url\":\"https:\/\/www.tamaulipas.gob.mx\/salud\/wp-content\/uploads\/sites\/4\/2022\/10\/logotamaulipas2022.png\",\"contentUrl\":\"https:\/\/www.tamaulipas.gob.mx\/salud\/wp-content\/uploads\/sites\/4\/2022\/10\/logotamaulipas2022.png\",\"width\":1200,\"height\":388,\"caption\":\"Secretar\u00eda de Salud de Tamaulipas\"},\"image\":{\"@id\":\"https:\/\/www.tamaulipas.gob.mx\/salud\/#\/schema\/logo\/image\/\"},\"sameAs\":[\"https:\/\/www.facebook.com\/SaludTamaulipas\"]}]}<\/script>\n<!-- \/ Yoast SEO plugin. -->","yoast_head_json":{"title":"Discapacidad - Secretar\u00eda de Salud","robots":{"index":"index","follow":"follow","max-snippet":"max-snippet:-1","max-image-preview":"max-image-preview:large","max-video-preview":"max-video-preview:-1"},"canonical":"https:\/\/www.tamaulipas.gob.mx\/salud\/programas\/salud-de-infancia-y-adolescencia\/discapacidad\/","og_locale":"es_ES","og_type":"article","og_title":"Discapacidad - Secretar\u00eda de Salud","og_description":"Objetivo del Programa Prevenir la discapacidad en la poblaci\u00f3n tamaulipeca y contribuir a que las personas con discapacidad disfruten del derecho al m\u00e1s alto nivel\u2026","og_url":"https:\/\/www.tamaulipas.gob.mx\/salud\/programas\/salud-de-infancia-y-adolescencia\/discapacidad\/","og_site_name":"Secretar\u00eda de Salud","article_publisher":"https:\/\/www.facebook.com\/SaludTamaulipas","article_modified_time":"2017-10-25T15:53:19+00:00","og_image":[{"width":1200,"height":388,"url":"https:\/\/www.tamaulipas.gob.mx\/salud\/wp-content\/uploads\/sites\/4\/2022\/10\/logotamaulipas2022.png","type":"image\/png"}],"twitter_card":"summary_large_image","twitter_misc":{"Tiempo de lectura":"8 minutos"},"schema":{"@context":"https:\/\/schema.org","@graph":[{"@type":"WebPage","@id":"https:\/\/www.tamaulipas.gob.mx\/salud\/programas\/salud-de-infancia-y-adolescencia\/discapacidad\/","url":"https:\/\/www.tamaulipas.gob.mx\/salud\/programas\/salud-de-infancia-y-adolescencia\/discapacidad\/","name":"Discapacidad - Secretar\u00eda de Salud","isPartOf":{"@id":"https:\/\/www.tamaulipas.gob.mx\/salud\/#website"},"datePublished":"2016-11-01T21:52:33+00:00","dateModified":"2017-10-25T15:53:19+00:00","breadcrumb":{"@id":"https:\/\/www.tamaulipas.gob.mx\/salud\/programas\/salud-de-infancia-y-adolescencia\/discapacidad\/#breadcrumb"},"inLanguage":"es","potentialAction":[{"@type":"ReadAction","target":["https:\/\/www.tamaulipas.gob.mx\/salud\/programas\/salud-de-infancia-y-adolescencia\/discapacidad\/"]}]},{"@type":"BreadcrumbList","@id":"https:\/\/www.tamaulipas.gob.mx\/salud\/programas\/salud-de-infancia-y-adolescencia\/discapacidad\/#breadcrumb","itemListElement":[{"@type":"ListItem","position":1,"name":"Portada","item":"https:\/\/www.tamaulipas.gob.mx\/salud\/"},{"@type":"ListItem","position":2,"name":"Programas","item":"https:\/\/www.tamaulipas.gob.mx\/salud\/programas\/"},{"@type":"ListItem","position":3,"name":"Salud de Infancia y Adolescencia","item":"https:\/\/www.tamaulipas.gob.mx\/salud\/programas\/salud-de-infancia-y-adolescencia\/"},{"@type":"ListItem","position":4,"name":"Discapacidad"}]},{"@type":"WebSite","@id":"https:\/\/www.tamaulipas.gob.mx\/salud\/#website","url":"https:\/\/www.tamaulipas.gob.mx\/salud\/","name":"Secretar\u00eda de Salud","description":"Gobierno del Estado de Tamaulipas","publisher":{"@id":"https:\/\/www.tamaulipas.gob.mx\/salud\/#organization"},"potentialAction":[{"@type":"SearchAction","target":{"@type":"EntryPoint","urlTemplate":"https:\/\/www.tamaulipas.gob.mx\/salud\/?s={search_term_string}"},"query-input":{"@type":"PropertyValueSpecification","valueRequired":true,"valueName":"search_term_string"}}],"inLanguage":"es"},{"@type":"Organization","@id":"https:\/\/www.tamaulipas.gob.mx\/salud\/#organization","name":"Secretar\u00eda de Salud de Tamaulipas","url":"https:\/\/www.tamaulipas.gob.mx\/salud\/","logo":{"@type":"ImageObject","inLanguage":"es","@id":"https:\/\/www.tamaulipas.gob.mx\/salud\/#\/schema\/logo\/image\/","url":"https:\/\/www.tamaulipas.gob.mx\/salud\/wp-content\/uploads\/sites\/4\/2022\/10\/logotamaulipas2022.png","contentUrl":"https:\/\/www.tamaulipas.gob.mx\/salud\/wp-content\/uploads\/sites\/4\/2022\/10\/logotamaulipas2022.png","width":1200,"height":388,"caption":"Secretar\u00eda de Salud de Tamaulipas"},"image":{"@id":"https:\/\/www.tamaulipas.gob.mx\/salud\/#\/schema\/logo\/image\/"},"sameAs":["https:\/\/www.facebook.com\/SaludTamaulipas"]}]}},"publishpress_future_action":{"enabled":false,"date":"2026-05-06 07:38:12","action":"change-status","newStatus":"draft","terms":[],"taxonomy":""},"_links":{"self":[{"href":"https:\/\/www.tamaulipas.gob.mx\/salud\/wp-json\/wp\/v2\/pages\/62"}],"collection":[{"href":"https:\/\/www.tamaulipas.gob.mx\/salud\/wp-json\/wp\/v2\/pages"}],"about":[{"href":"https:\/\/www.tamaulipas.gob.mx\/salud\/wp-json\/wp\/v2\/types\/page"}],"author":[{"embeddable":true,"href":"https:\/\/www.tamaulipas.gob.mx\/salud\/wp-json\/wp\/v2\/users\/19"}],"replies":[{"embeddable":true,"href":"https:\/\/www.tamaulipas.gob.mx\/salud\/wp-json\/wp\/v2\/comments?post=62"}],"version-history":[{"count":8,"href":"https:\/\/www.tamaulipas.gob.mx\/salud\/wp-json\/wp\/v2\/pages\/62\/revisions"}],"predecessor-version":[{"id":2512,"href":"https:\/\/www.tamaulipas.gob.mx\/salud\/wp-json\/wp\/v2\/pages\/62\/revisions\/2512"}],"up":[{"embeddable":true,"href":"https:\/\/www.tamaulipas.gob.mx\/salud\/wp-json\/wp\/v2\/pages\/58"}],"wp:attachment":[{"href":"https:\/\/www.tamaulipas.gob.mx\/salud\/wp-json\/wp\/v2\/media?parent=62"}],"curies":[{"name":"wp","href":"https:\/\/api.w.org\/{rel}","templated":true}]}}