{"id":58,"date":"2016-11-01T15:48:02","date_gmt":"2016-11-01T21:48:02","guid":{"rendered":"http:\/\/www.tamaulipas.gob.mx\/salud\/?page_id=58"},"modified":"2017-10-24T14:38:52","modified_gmt":"2017-10-24T19:38:52","slug":"salud-de-infancia-y-adolescencia","status":"publish","type":"page","link":"https:\/\/www.tamaulipas.gob.mx\/salud\/programas\/salud-de-infancia-y-adolescencia\/","title":{"rendered":"Salud de Infancia y Adolescencia"},"content":{"rendered":"<div class=\"panel-group\" id=\"custom-collapse-0\">\n<div class=\"panel panel-default\">\n\t\t\t\t<div class=\"panel-heading\">\n\t\t\t\t\t<h4 class=\"panel-title\">\n\t\t\t\t\t\t<a class=\"\" data-toggle=\"collapse\" data-parent=\"#custom-collapse-0\" href=\"#custom-collapse-0-0\">Funciones B\u00e1sicas<\/a>\n\t\t\t\t\t<\/h4>\n\t\t\t\t<\/div>\n\t\t\t\t<div id=\"custom-collapse-0-0\" class=\"panel-collapse in\">\n\t\t\t\t\t<div class=\"panel-body\">\nEstablecer y coordinar las estrategias para llevar a cabo los programas de salud orientados a prevenir y controlar los padecimientos que afecten a los ni\u00f1os y adolescentes que habitan en el Estado, a fin de salvaguardar su integridad y bienestar, para el desarrollo pleno de sus capacidades.<br \/>\n<\/div>\n\t\t\t\t<\/div>\n\t\t\t<\/div>\n<div class=\"panel panel-default\">\n\t\t\t\t<div class=\"panel-heading\">\n\t\t\t\t\t<h4 class=\"panel-title\">\n\t\t\t\t\t\t<a class=\"collapsed\" data-toggle=\"collapse\" data-parent=\"#custom-collapse-0\" href=\"#custom-collapse-0-1\">Espec\u00edficas<\/a>\n\t\t\t\t\t<\/h4>\n\t\t\t\t<\/div>\n\t\t\t\t<div id=\"custom-collapse-0-1\" class=\"panel-collapse collapse\">\n\t\t\t\t\t<div class=\"panel-body\">\n<ul>\n<li>Elaborar y coordinar, a trav\u00e9s de las Jurisdicciones Sanitarias el diagn\u00f3stico situacional de vacunaci\u00f3n universal, nutrici\u00f3n, salud del ni\u00f1o y salud integral del adolescente.<\/li>\n<li>Planear y desarrollar los programas estatales prioritarios de salud de la infancia y adolescencia.<\/li>\n<li>Apoyar en la elaboraci\u00f3n y desarrollo de programas de capacitaci\u00f3n estatal, de acuerdo a las necesidades y a los lineamientos establecidos, en coordinaci\u00f3n con la instancia facultada para tal fin.<\/li>\n<li>Establecer los mecanismos de control para asegurar la operaci\u00f3n de los programas, atenci\u00f3n del ni\u00f1o, del adolescente y discapacidad.<\/li>\n<li>Supervisar la aplicaci\u00f3n de los recursos de los programas de salud de la infancia y la adolescencia.<\/li>\n<li>Coordinar el desarrollo de las Semanas Nacionales de Salud, de prevenci\u00f3n de accidentes y otras campa\u00f1as intensivas para fortalecer las actividades permanentes de los programas de salud de la infancia y la adolescencia.<\/li>\n<li>Identificar las fortalezas, oportunidades, debilidades y amenazas de los programas estatales y jurisdiccionales de salud de la infancia y la adolescencia, para alcanzar los objetivos propuestos.<\/li>\n<li>Vigilar la aplicaci\u00f3n de la normatividad federal y estatal, establecida en materia de atenci\u00f3n a la infancia y la adolescencia, con base en las Normas Oficiales Mexicanas, Planes Nacionales y Estatal de Desarrollo y Programa Nacional y Estatal de Salud.<\/li>\n<li>Proponer a la Subsecretar\u00eda de Prevenci\u00f3n y Promoci\u00f3n de la Salud, la concertaci\u00f3n de acuerdos y convenios con las instituciones del Sistema Estatal de Salud, extra sectoriales y organizaciones de la sociedad civil para fortalecer los programas.<\/li>\n<li>Realizar los estudios e investigaciones especializadas, para eficientar el desempe\u00f1o de los programas de infancia y adolescencia, en coordinaci\u00f3n con las instancias correspondientes.<\/li>\n<li>Proponer alternativas de financiamiento para la obtenci\u00f3n de recursos que fortalezcan el manejo de programas orientados a la infancia y la adolescencia.<\/li>\n<li>Dirigir la planeaci\u00f3n, programaci\u00f3n, presupuestaci\u00f3n, coordinaci\u00f3n, gesti\u00f3n, seguimiento, evaluaci\u00f3n y aplicaci\u00f3n de las normas y procedimientos.<\/li>\n<li>Analizar el comportamiento epidemiol\u00f3gico, entorno sociodemogr\u00e1fico, factores condicionantes de los problemas de salud p\u00fablica m\u00e1s comunes en la poblaci\u00f3n infantil y adolescente.<\/li>\n<li>Revisar la evaluaci\u00f3n peri\u00f3dica de los programas orientados al infante y adolescente, que permita detectar las desviaciones y establecer las acciones para el alcance de las metas.<\/li>\n<li>Coordinar la elaboraci\u00f3n de la programaci\u00f3n anual de los programas de la Direcci\u00f3n.<\/li>\n<li>Coordinar actividades de los secretarios t\u00e9cnicos de los consejos estatales y del comit\u00e9 estatal para la prevenci\u00f3n de la mortalidad infantil.<\/li>\n<li>Coordinar la aplicaci\u00f3n de la normatividad y la operaci\u00f3n de los programas.<\/li>\n<li>Participar en las acciones, sesiones del consejo nacional de prevenci\u00f3n y tratamiento de c\u00e1ncer en la infancia y la adolescencia como vocal estatal.<\/li>\n<li>Favorecer el desarrollo humano y competencias de los l\u00edderes de los programas y jefes de departamento a nivel estatal y jurisdiccional.<\/li>\n<li>Informar permanentemente al \u00e1rea superior inmediata de las actividades en proceso, concluidas y programadas.<\/li>\n<li>Las dem\u00e1s que en \u00e1mbito de su competencia le delegue la superioridad.<\/li>\n<\/ul>\n<\/div>\n\t\t\t\t<\/div>\n\t\t\t<\/div>\n<\/div>\n<hr \/>\n<h3>Programas que forman parte de Salud de Infancia y Adolescencia<\/h3>\n<h4><\/h4>\n<h4>Discapacidad<\/h4>\n<p>Prevenir la discapacidad en la poblaci\u00f3n tamaulipeca y contribuir a que las personas con discapacidad disfruten del derecho al m\u00e1s alto nivel posible de salud<\/p>\n<div class=\"row\"><div class=\"col-sm-12\"><a href=\"http:\/\/www.tamaulipas.gob.mx\/salud\/programas\/salud-de-infancia-y-adolescencia\/discapacidad\/\" class=\"btn btn-primary btn-sm pull-right\"><i class=\"fa fa-external-link\"><\/i> M\u00e1s informaci\u00f3n <\/a><\/div><\/div>\n<hr \/>\n<h4>Nutrici\u00f3n<\/h4>\n<p>Cuenta con cuatro programas que buscan apoyar la Salud de la infancia y adolescencia<\/p>\n<ul>\n<li>Desnutrici\u00f3n<\/li>\n<li>Obesidad<\/li>\n<li>Nutrici\u00f3n en Adolescente<\/li>\n<li>Lactancia Materna<\/li>\n<\/ul>\n<div class=\"row\"><div class=\"col-sm-12\"><a href=\"http:\/\/www.tamaulipas.gob.mx\/salud\/programas\/salud-de-infancia-y-adolescencia\/nutricion\/\" class=\"btn btn-primary btn-sm pull-right\"><i class=\"fa fa-external-link\"><\/i> M\u00e1s informaci\u00f3n <\/a><\/div><\/div>\n<hr \/>\n<h4>Salud Integral del Adolescente<\/h4>\n<p>Desarrollar estrategias y acciones derivadas de los programas nacionales de salud, para la aplicaci\u00f3n de programas de salud integral del adolescente<\/p>\n<div class=\"row\"><div class=\"col-sm-12\"><a href=\"http:\/\/www.tamaulipas.gob.mx\/salud\/programas\/salud-de-infancia-y-adolescencia\/salud-integral-del-adolescente\/\" class=\"btn btn-primary btn-sm pull-right\"><i class=\"fa fa-external-link\"><\/i> M\u00e1s informaci\u00f3n <\/a><\/div><\/div>\n<hr \/>\n<h4>Salud Integral del Ni\u00f1o<\/h4>\n<p>Instrumentar acciones y estrategias derivadas de los programas nacionales de salud, para desarrollar los similares a nivel estatal en la prevenci\u00f3n y control de aquellas enfermedades que m\u00e1s frecuentemente pueden afectar a la poblaci\u00f3n infantil<\/p>\n<div class=\"row\"><div class=\"col-sm-12\"><a href=\"http:\/\/www.tamaulipas.gob.mx\/salud\/programas\/salud-de-infancia-y-adolescencia\/salud-integral-del-nino\/\" class=\"btn btn-primary btn-sm pull-right\"> M\u00e1s informaci\u00f3n <\/a><\/div><\/div>\n<hr \/>\n<h4>Vacunaci\u00f3n Universal<\/h4>\n<p>Proteger con inmun\u00f3genos a la poblaci\u00f3n del estado, con prioridad en los menores de 9 a\u00f1os, mediante la aplicaci\u00f3n de biol\u00f3gicos normados en el esquema b\u00e1sico de vacunaci\u00f3n del pa\u00eds<\/p>\n<div class=\"row\"><div class=\"col-sm-12\"><a href=\"http:\/\/www.tamaulipas.gob.mx\/salud\/programas\/salud-de-infancia-y-adolescencia\/vacunacion-universal\/\" class=\"btn btn-primary btn-sm pull-right\"> M\u00e1s informaci\u00f3n <\/a><\/div><\/div>\n<hr \/>\n","protected":false},"excerpt":{"rendered":"<p>Programas que forman parte de Salud de Infancia y Adolescencia Discapacidad Prevenir la discapacidad en la poblaci\u00f3n tamaulipeca y contribuir a que las personas con\u2026<\/p>\n","protected":false},"author":19,"featured_media":0,"parent":33,"menu_order":0,"comment_status":"closed","ping_status":"closed","template":"","meta":{"footnotes":""},"class_list":["post-58","page","type-page","status-publish","hentry"],"yoast_head":"<!-- This site is optimized with the Yoast SEO plugin v24.8.1 - https:\/\/yoast.com\/wordpress\/plugins\/seo\/ -->\n<title>Salud de Infancia y Adolescencia - Secretar\u00eda de Salud<\/title>\n<meta name=\"robots\" content=\"index, follow, max-snippet:-1, max-image-preview:large, max-video-preview:-1\" \/>\n<link rel=\"canonical\" href=\"https:\/\/www.tamaulipas.gob.mx\/salud\/programas\/salud-de-infancia-y-adolescencia\/\" \/>\n<meta property=\"og:locale\" content=\"es_ES\" \/>\n<meta property=\"og:type\" content=\"article\" \/>\n<meta property=\"og:title\" content=\"Salud de Infancia y Adolescencia - Secretar\u00eda de Salud\" \/>\n<meta property=\"og:description\" content=\"Programas que forman parte de Salud de Infancia y Adolescencia Discapacidad Prevenir la discapacidad en la poblaci\u00f3n tamaulipeca y contribuir a que las personas con\u2026\" \/>\n<meta property=\"og:url\" content=\"https:\/\/www.tamaulipas.gob.mx\/salud\/programas\/salud-de-infancia-y-adolescencia\/\" \/>\n<meta property=\"og:site_name\" content=\"Secretar\u00eda de Salud\" \/>\n<meta property=\"article:publisher\" content=\"https:\/\/www.facebook.com\/SaludTamaulipas\" \/>\n<meta property=\"article:modified_time\" content=\"2017-10-24T19:38:52+00:00\" \/>\n<meta property=\"og:image\" content=\"https:\/\/www.tamaulipas.gob.mx\/salud\/wp-content\/uploads\/sites\/4\/2022\/10\/logotamaulipas2022.png\" \/>\n\t<meta property=\"og:image:width\" content=\"1200\" \/>\n\t<meta property=\"og:image:height\" content=\"388\" \/>\n\t<meta property=\"og:image:type\" content=\"image\/png\" \/>\n<meta name=\"twitter:card\" content=\"summary_large_image\" \/>\n<meta name=\"twitter:label1\" content=\"Tiempo de lectura\" \/>\n\t<meta name=\"twitter:data1\" content=\"4 minutos\" \/>\n<script type=\"application\/ld+json\" class=\"yoast-schema-graph\">{\"@context\":\"https:\/\/schema.org\",\"@graph\":[{\"@type\":\"WebPage\",\"@id\":\"https:\/\/www.tamaulipas.gob.mx\/salud\/programas\/salud-de-infancia-y-adolescencia\/\",\"url\":\"https:\/\/www.tamaulipas.gob.mx\/salud\/programas\/salud-de-infancia-y-adolescencia\/\",\"name\":\"Salud de Infancia y Adolescencia - Secretar\u00eda de Salud\",\"isPartOf\":{\"@id\":\"https:\/\/www.tamaulipas.gob.mx\/salud\/#website\"},\"datePublished\":\"2016-11-01T21:48:02+00:00\",\"dateModified\":\"2017-10-24T19:38:52+00:00\",\"breadcrumb\":{\"@id\":\"https:\/\/www.tamaulipas.gob.mx\/salud\/programas\/salud-de-infancia-y-adolescencia\/#breadcrumb\"},\"inLanguage\":\"es\",\"potentialAction\":[{\"@type\":\"ReadAction\",\"target\":[\"https:\/\/www.tamaulipas.gob.mx\/salud\/programas\/salud-de-infancia-y-adolescencia\/\"]}]},{\"@type\":\"BreadcrumbList\",\"@id\":\"https:\/\/www.tamaulipas.gob.mx\/salud\/programas\/salud-de-infancia-y-adolescencia\/#breadcrumb\",\"itemListElement\":[{\"@type\":\"ListItem\",\"position\":1,\"name\":\"Portada\",\"item\":\"https:\/\/www.tamaulipas.gob.mx\/salud\/\"},{\"@type\":\"ListItem\",\"position\":2,\"name\":\"Programas\",\"item\":\"https:\/\/www.tamaulipas.gob.mx\/salud\/programas\/\"},{\"@type\":\"ListItem\",\"position\":3,\"name\":\"Salud de Infancia y Adolescencia\"}]},{\"@type\":\"WebSite\",\"@id\":\"https:\/\/www.tamaulipas.gob.mx\/salud\/#website\",\"url\":\"https:\/\/www.tamaulipas.gob.mx\/salud\/\",\"name\":\"Secretar\u00eda de Salud\",\"description\":\"Gobierno del Estado de Tamaulipas\",\"publisher\":{\"@id\":\"https:\/\/www.tamaulipas.gob.mx\/salud\/#organization\"},\"potentialAction\":[{\"@type\":\"SearchAction\",\"target\":{\"@type\":\"EntryPoint\",\"urlTemplate\":\"https:\/\/www.tamaulipas.gob.mx\/salud\/?s={search_term_string}\"},\"query-input\":{\"@type\":\"PropertyValueSpecification\",\"valueRequired\":true,\"valueName\":\"search_term_string\"}}],\"inLanguage\":\"es\"},{\"@type\":\"Organization\",\"@id\":\"https:\/\/www.tamaulipas.gob.mx\/salud\/#organization\",\"name\":\"Secretar\u00eda de Salud de Tamaulipas\",\"url\":\"https:\/\/www.tamaulipas.gob.mx\/salud\/\",\"logo\":{\"@type\":\"ImageObject\",\"inLanguage\":\"es\",\"@id\":\"https:\/\/www.tamaulipas.gob.mx\/salud\/#\/schema\/logo\/image\/\",\"url\":\"https:\/\/www.tamaulipas.gob.mx\/salud\/wp-content\/uploads\/sites\/4\/2022\/10\/logotamaulipas2022.png\",\"contentUrl\":\"https:\/\/www.tamaulipas.gob.mx\/salud\/wp-content\/uploads\/sites\/4\/2022\/10\/logotamaulipas2022.png\",\"width\":1200,\"height\":388,\"caption\":\"Secretar\u00eda de Salud de Tamaulipas\"},\"image\":{\"@id\":\"https:\/\/www.tamaulipas.gob.mx\/salud\/#\/schema\/logo\/image\/\"},\"sameAs\":[\"https:\/\/www.facebook.com\/SaludTamaulipas\"]}]}<\/script>\n<!-- \/ Yoast SEO plugin. -->","yoast_head_json":{"title":"Salud de Infancia y Adolescencia - Secretar\u00eda de Salud","robots":{"index":"index","follow":"follow","max-snippet":"max-snippet:-1","max-image-preview":"max-image-preview:large","max-video-preview":"max-video-preview:-1"},"canonical":"https:\/\/www.tamaulipas.gob.mx\/salud\/programas\/salud-de-infancia-y-adolescencia\/","og_locale":"es_ES","og_type":"article","og_title":"Salud de Infancia y Adolescencia - Secretar\u00eda de Salud","og_description":"Programas que forman parte de Salud de Infancia y Adolescencia Discapacidad Prevenir la discapacidad en la poblaci\u00f3n tamaulipeca y contribuir a que las personas con\u2026","og_url":"https:\/\/www.tamaulipas.gob.mx\/salud\/programas\/salud-de-infancia-y-adolescencia\/","og_site_name":"Secretar\u00eda de Salud","article_publisher":"https:\/\/www.facebook.com\/SaludTamaulipas","article_modified_time":"2017-10-24T19:38:52+00:00","og_image":[{"width":1200,"height":388,"url":"https:\/\/www.tamaulipas.gob.mx\/salud\/wp-content\/uploads\/sites\/4\/2022\/10\/logotamaulipas2022.png","type":"image\/png"}],"twitter_card":"summary_large_image","twitter_misc":{"Tiempo de lectura":"4 minutos"},"schema":{"@context":"https:\/\/schema.org","@graph":[{"@type":"WebPage","@id":"https:\/\/www.tamaulipas.gob.mx\/salud\/programas\/salud-de-infancia-y-adolescencia\/","url":"https:\/\/www.tamaulipas.gob.mx\/salud\/programas\/salud-de-infancia-y-adolescencia\/","name":"Salud de Infancia y Adolescencia - Secretar\u00eda de Salud","isPartOf":{"@id":"https:\/\/www.tamaulipas.gob.mx\/salud\/#website"},"datePublished":"2016-11-01T21:48:02+00:00","dateModified":"2017-10-24T19:38:52+00:00","breadcrumb":{"@id":"https:\/\/www.tamaulipas.gob.mx\/salud\/programas\/salud-de-infancia-y-adolescencia\/#breadcrumb"},"inLanguage":"es","potentialAction":[{"@type":"ReadAction","target":["https:\/\/www.tamaulipas.gob.mx\/salud\/programas\/salud-de-infancia-y-adolescencia\/"]}]},{"@type":"BreadcrumbList","@id":"https:\/\/www.tamaulipas.gob.mx\/salud\/programas\/salud-de-infancia-y-adolescencia\/#breadcrumb","itemListElement":[{"@type":"ListItem","position":1,"name":"Portada","item":"https:\/\/www.tamaulipas.gob.mx\/salud\/"},{"@type":"ListItem","position":2,"name":"Programas","item":"https:\/\/www.tamaulipas.gob.mx\/salud\/programas\/"},{"@type":"ListItem","position":3,"name":"Salud de Infancia y Adolescencia"}]},{"@type":"WebSite","@id":"https:\/\/www.tamaulipas.gob.mx\/salud\/#website","url":"https:\/\/www.tamaulipas.gob.mx\/salud\/","name":"Secretar\u00eda de Salud","description":"Gobierno del Estado de Tamaulipas","publisher":{"@id":"https:\/\/www.tamaulipas.gob.mx\/salud\/#organization"},"potentialAction":[{"@type":"SearchAction","target":{"@type":"EntryPoint","urlTemplate":"https:\/\/www.tamaulipas.gob.mx\/salud\/?s={search_term_string}"},"query-input":{"@type":"PropertyValueSpecification","valueRequired":true,"valueName":"search_term_string"}}],"inLanguage":"es"},{"@type":"Organization","@id":"https:\/\/www.tamaulipas.gob.mx\/salud\/#organization","name":"Secretar\u00eda de Salud de Tamaulipas","url":"https:\/\/www.tamaulipas.gob.mx\/salud\/","logo":{"@type":"ImageObject","inLanguage":"es","@id":"https:\/\/www.tamaulipas.gob.mx\/salud\/#\/schema\/logo\/image\/","url":"https:\/\/www.tamaulipas.gob.mx\/salud\/wp-content\/uploads\/sites\/4\/2022\/10\/logotamaulipas2022.png","contentUrl":"https:\/\/www.tamaulipas.gob.mx\/salud\/wp-content\/uploads\/sites\/4\/2022\/10\/logotamaulipas2022.png","width":1200,"height":388,"caption":"Secretar\u00eda de Salud de Tamaulipas"},"image":{"@id":"https:\/\/www.tamaulipas.gob.mx\/salud\/#\/schema\/logo\/image\/"},"sameAs":["https:\/\/www.facebook.com\/SaludTamaulipas"]}]}},"publishpress_future_action":{"enabled":false,"date":"2026-05-06 05:55:21","action":"change-status","newStatus":"draft","terms":[],"taxonomy":""},"_links":{"self":[{"href":"https:\/\/www.tamaulipas.gob.mx\/salud\/wp-json\/wp\/v2\/pages\/58"}],"collection":[{"href":"https:\/\/www.tamaulipas.gob.mx\/salud\/wp-json\/wp\/v2\/pages"}],"about":[{"href":"https:\/\/www.tamaulipas.gob.mx\/salud\/wp-json\/wp\/v2\/types\/page"}],"author":[{"embeddable":true,"href":"https:\/\/www.tamaulipas.gob.mx\/salud\/wp-json\/wp\/v2\/users\/19"}],"replies":[{"embeddable":true,"href":"https:\/\/www.tamaulipas.gob.mx\/salud\/wp-json\/wp\/v2\/comments?post=58"}],"version-history":[{"count":14,"href":"https:\/\/www.tamaulipas.gob.mx\/salud\/wp-json\/wp\/v2\/pages\/58\/revisions"}],"predecessor-version":[{"id":2502,"href":"https:\/\/www.tamaulipas.gob.mx\/salud\/wp-json\/wp\/v2\/pages\/58\/revisions\/2502"}],"up":[{"embeddable":true,"href":"https:\/\/www.tamaulipas.gob.mx\/salud\/wp-json\/wp\/v2\/pages\/33"}],"wp:attachment":[{"href":"https:\/\/www.tamaulipas.gob.mx\/salud\/wp-json\/wp\/v2\/media?parent=58"}],"curies":[{"name":"wp","href":"https:\/\/api.w.org\/{rel}","templated":true}]}}