{"id":43,"date":"2016-11-01T15:28:55","date_gmt":"2016-11-01T21:28:55","guid":{"rendered":"http:\/\/www.tamaulipas.gob.mx\/salud\/?page_id=43"},"modified":"2017-10-24T11:01:41","modified_gmt":"2017-10-24T16:01:41","slug":"prevencion-y-control-del-vih","status":"publish","type":"page","link":"https:\/\/www.tamaulipas.gob.mx\/salud\/programas\/medicina-preventiva\/prevencion-y-control-del-vih\/","title":{"rendered":"Prevenci\u00f3n y Control del VIH"},"content":{"rendered":"<div class=\"panel-group\" id=\"custom-collapse-0\">\n<div class=\"panel panel-default\">\n\t\t\t\t<div class=\"panel-heading\">\n\t\t\t\t\t<h4 class=\"panel-title\">\n\t\t\t\t\t\t<a class=\"\" data-toggle=\"collapse\" data-parent=\"#custom-collapse-0\" href=\"#custom-collapse-0-0\">\u00bfQu\u00e9 es el SIDA?<\/a>\n\t\t\t\t\t<\/h4>\n\t\t\t\t<\/div>\n\t\t\t\t<div id=\"custom-collapse-0-0\" class=\"panel-collapse in\">\n\t\t\t\t\t<div class=\"panel-body\">\nEs una enfermedad provocada por el Virus de la Inmunodeficiencia Humana (VIH) que ataca al sistema inmunol\u00f3gico (de defensa) de las personas infectadas y lo deja desprotegido contra cualquier virus.<br \/>\n<\/div>\n\t\t\t\t<\/div>\n\t\t\t<\/div>\n<div class=\"panel panel-default\">\n\t\t\t\t<div class=\"panel-heading\">\n\t\t\t\t\t<h4 class=\"panel-title\">\n\t\t\t\t\t\t<a class=\"collapsed\" data-toggle=\"collapse\" data-parent=\"#custom-collapse-0\" href=\"#custom-collapse-0-1\">Mecanismos de Transmisi\u00f3n<\/a>\n\t\t\t\t\t<\/h4>\n\t\t\t\t<\/div>\n\t\t\t\t<div id=\"custom-collapse-0-1\" class=\"panel-collapse collapse\">\n\t\t\t\t\t<div class=\"panel-body\">\nV\u00eda Sexual, Sangu\u00ednea y Perinatal (Madre-Hijo).<br \/>\n<\/div>\n\t\t\t\t<\/div>\n\t\t\t<\/div>\n<div class=\"panel panel-default\">\n\t\t\t\t<div class=\"panel-heading\">\n\t\t\t\t\t<h4 class=\"panel-title\">\n\t\t\t\t\t\t<a class=\"collapsed\" data-toggle=\"collapse\" data-parent=\"#custom-collapse-0\" href=\"#custom-collapse-0-2\">El SIDA en M\u00e9xico<\/a>\n\t\t\t\t\t<\/h4>\n\t\t\t\t<\/div>\n\t\t\t\t<div id=\"custom-collapse-0-2\" class=\"panel-collapse collapse\">\n\t\t\t\t\t<div class=\"panel-body\">\n<p>El primer caso de SIDA en M\u00e9xico fue diagnosticado en 1983, aunque de acuerdo con an\u00e1lisis retrospectivos y otras t\u00e9cnicas de investigaci\u00f3n en salud p\u00fablica, el inicio de la epidemia del VIH puede ubicarse en 1981.<\/p>\n<p>En materia de prevenci\u00f3n sexual del VIH e ITS en M\u00e9xico, se logr\u00f3 mantener la emisi\u00f3n anual de campa\u00f1as de comunicaci\u00f3n dirigidas a la prevenci\u00f3n del VIH, y uso de cond\u00f3n como medida de prevenci\u00f3n, ante el reconocimiento de que la transmisi\u00f3n sexual es la principal v\u00eda de transmisi\u00f3n de estas infecciones, y que toda la poblaci\u00f3n mexicana debe acceder al conocimiento m\u00ednimo sobre la epidemia, y promoci\u00f3n de la salud sexual.<\/p>\n<p>A trav\u00e9s de las acciones de las diferentes instituciones del sector salud, las entidades federativas, y el gobierno federal, se increment\u00f3 la compra de insumos, y servicios de prevenci\u00f3n.<\/p>\n<p>Adem\u00e1s, se cre\u00f3 un nuevo modelo de atenci\u00f3n, que permitir\u00e1 coordinar en un mismo espacio las acciones de prevenci\u00f3n y atenci\u00f3n del VIH\/SIDA e ITS, bajo el nombre de Centros Ambulatorios de Prevenci\u00f3n y Atenci\u00f3n al SIDA e Infecciones de Transmisi\u00f3n Sexual (CAPASITS).<br \/>\n<\/div>\n\t\t\t\t<\/div>\n\t\t\t<\/div>\n<div class=\"panel panel-default\">\n\t\t\t\t<div class=\"panel-heading\">\n\t\t\t\t\t<h4 class=\"panel-title\">\n\t\t\t\t\t\t<a class=\"collapsed\" data-toggle=\"collapse\" data-parent=\"#custom-collapse-0\" href=\"#custom-collapse-0-3\">Misi\u00f3n y Visi\u00f3n<\/a>\n\t\t\t\t\t<\/h4>\n\t\t\t\t<\/div>\n\t\t\t\t<div id=\"custom-collapse-0-3\" class=\"panel-collapse collapse\">\n\t\t\t\t\t<div class=\"panel-body\">\n<h4>Misi\u00f3n:<\/h4>\n<p>Mejorar el acceso y la calidad de la atenci\u00f3n integral por personal calificado a todas las personas con VIH y otras ITS.<\/p>\n<p>Fortalecer la participaci\u00f3n de la sociedad civil y las personas con VIH en los programas de prevenci\u00f3n, as\u00ed como en las campa\u00f1as dirigidas a disminuir el estigma, la discriminaci\u00f3n y la homofobia en poblaciones clave.<\/p>\n<p>Fortalecer la coordinaci\u00f3n, capacitaci\u00f3n, y movilizaci\u00f3n de los recursos necesarios en los servicios de atenci\u00f3n prenatal, para interrumpir la transmisi\u00f3n perinatal del VIH y la s\u00edfilis.<\/p>\n<h4>Visi\u00f3n:<\/h4>\n<p>En el 2012, ser\u00e1 un Programa consolidado que logra una clara tendencia a la disminuci\u00f3n de la prevalencia del VIH e ITS, con acceso a los servicios de prevenci\u00f3n y la mayor\u00eda de la poblaci\u00f3n con pr\u00e1cticas sexuales seguras; las personas afectadas acceden a la atenci\u00f3n integral de alta calidad, sustentable, eficiente en ambientes libres de estigma y discriminaci\u00f3n; con participaci\u00f3n multisectorial y de la sociedad civil, bajo la rector\u00eda de la Secretar\u00eda de Salud.<br \/>\n<\/div>\n\t\t\t\t<\/div>\n\t\t\t<\/div>\n<div class=\"panel panel-default\">\n\t\t\t\t<div class=\"panel-heading\">\n\t\t\t\t\t<h4 class=\"panel-title\">\n\t\t\t\t\t\t<a class=\"collapsed\" data-toggle=\"collapse\" data-parent=\"#custom-collapse-0\" href=\"#custom-collapse-0-4\">Normas T\u00e9cnicas (Marco Jur\u00eddico)<\/a>\n\t\t\t\t\t<\/h4>\n\t\t\t\t<\/div>\n\t\t\t\t<div id=\"custom-collapse-0-4\" class=\"panel-collapse collapse\">\n\t\t\t\t\t<div class=\"panel-body\">\n<p>Norma Oficial Mexicana para la Prevenci\u00f3n y Control de la Infecci\u00f3n por Virus de Inmunodeficiencia Humana.<\/p>\n<p>La NOM-010-SSA2-2010 tiene por objeto actualizar y uniformar los principios y criterios de operaci\u00f3n de los componentes del Sistema Nacional de Salud, respecto a las actividades de prevenci\u00f3n y el control de la infecci\u00f3n por el Virus de Inmunodeficiencia Humana.<\/p>\n<p>Norma Oficial Mexicana para la Prevenci\u00f3n y Control de las Infecciones de Transmisi\u00f3n Sexual.<\/p>\n<p>La NOM-039-SSA2-2000 trata de manera distinta la prevenci\u00f3n y control de estas infecciones para hombres y mujeres, ya que estas presentan mayor vulnerabilidad por factores biol\u00f3gicos, sociales, culturales y econ\u00f3micos.<\/p>\n<p>Establece la obligaci\u00f3n de realizar programas educativos para orientar y capacitar sobre las ITS, mecanismos de transmisi\u00f3n, diagn\u00f3stico y tratamiento, tanto al personal m\u00e9dico como a la poblaci\u00f3n en general.<\/p>\n<p>Existen otras Normas Oficiales Mexicanas que son complementarias en cuanto a la Prevenci\u00f3n, Atenci\u00f3n y Control del VIH y SIDA e ITS como son:<\/p>\n<ul>\n<li>Norma Oficial Mexicana para la Atenci\u00f3n de la Mujer durante el Embarazo, Parto y Puerperio y del Reci\u00e9n Nacido (NOM-007-SSA2-1993).<\/li>\n<li>Norma Oficial Mexicana del Expediente Cl\u00ednico (NOM-168-SSA2-1998).<\/li>\n<li>Norma Oficial Mexicana de los Servicios de Planificaci\u00f3n Familiar (Publicada en su versi\u00f3n actualizada en el DOF el 21 de enero de 2004) (NOM-005-SSA2-1993).<\/li>\n<li>Norma Oficial Mexicana para la Prestaci\u00f3n de los servicios de salud. Criterios para la Atenci\u00f3n M\u00e9dica de la Violencia Familiar (NOM-190-SSA1-1999).<\/li>\n<\/ul>\n<\/div>\n\t\t\t\t<\/div>\n\t\t\t<\/div>\n<div class=\"panel panel-default\">\n\t\t\t\t<div class=\"panel-heading\">\n\t\t\t\t\t<h4 class=\"panel-title\">\n\t\t\t\t\t\t<a class=\"collapsed\" data-toggle=\"collapse\" data-parent=\"#custom-collapse-0\" href=\"#custom-collapse-0-5\">Valores<\/a>\n\t\t\t\t\t<\/h4>\n\t\t\t\t<\/div>\n\t\t\t\t<div id=\"custom-collapse-0-5\" class=\"panel-collapse collapse\">\n\t\t\t\t\t<div class=\"panel-body\">\n<ul>\n<li>Responsabilidad.<\/li>\n<li>Sensibilidad.<\/li>\n<li>Profesionalismo.<\/li>\n<li>Esp\u00edritu de Servicio.<\/li>\n<\/ul>\n<\/div>\n\t\t\t\t<\/div>\n\t\t\t<\/div>\n<div class=\"panel panel-default\">\n\t\t\t\t<div class=\"panel-heading\">\n\t\t\t\t\t<h4 class=\"panel-title\">\n\t\t\t\t\t\t<a class=\"collapsed\" data-toggle=\"collapse\" data-parent=\"#custom-collapse-0\" href=\"#custom-collapse-0-6\">Pol\u00edtica de Calidad<\/a>\n\t\t\t\t\t<\/h4>\n\t\t\t\t<\/div>\n\t\t\t\t<div id=\"custom-collapse-0-6\" class=\"panel-collapse collapse\">\n\t\t\t\t\t<div class=\"panel-body\">\n<ul>\n<li>Reducir el estigma, la discriminaci\u00f3n y la homofobia en los servicios de salud de Tamaulipas.<\/li>\n<li>Extender la cobertura de detecci\u00f3n de VIH a poblaci\u00f3n vulnerable.<\/li>\n<li>Mantener actualizado en l\u00ednea la informaci\u00f3n requerida por CENSIDA.<\/li>\n<li>Ampliar la promoci\u00f3n de las acciones del programa que realiza para la prevenci\u00f3n del VIH.<\/li>\n<li>Instalar los comit\u00e9s municipales para\u00a0 prevenci\u00f3n de VIH.<\/li>\n<li>La planeaci\u00f3n conjunta con organizaciones civiles de acciones de prevenci\u00f3n del VIH.<\/li>\n<\/ul>\n<\/div>\n\t\t\t\t<\/div>\n\t\t\t<\/div>\n<div class=\"panel panel-default\">\n\t\t\t\t<div class=\"panel-heading\">\n\t\t\t\t\t<h4 class=\"panel-title\">\n\t\t\t\t\t\t<a class=\"collapsed\" data-toggle=\"collapse\" data-parent=\"#custom-collapse-0\" href=\"#custom-collapse-0-7\">Objetivo General<\/a>\n\t\t\t\t\t<\/h4>\n\t\t\t\t<\/div>\n\t\t\t\t<div id=\"custom-collapse-0-7\" class=\"panel-collapse collapse\">\n\t\t\t\t\t<div class=\"panel-body\">\nDisminuir el crecimiento y los efectos de la epidemia del VIH\/SIDA y otras ITS en el pa\u00eds, a trav\u00e9s del fortalecimiento de la respuesta y la experiencia acumulada de todos los sectores, que permitan el acceso de todas las personas, incluyendo a las poblaciones clave, a servicios de prevenci\u00f3n y atenci\u00f3n, para incrementar sus capacidades en el auto\u00a0 cuidado de la salud sexual.<br \/>\n<\/div>\n\t\t\t\t<\/div>\n\t\t\t<\/div>\n<div class=\"panel panel-default\">\n\t\t\t\t<div class=\"panel-heading\">\n\t\t\t\t\t<h4 class=\"panel-title\">\n\t\t\t\t\t\t<a class=\"collapsed\" data-toggle=\"collapse\" data-parent=\"#custom-collapse-0\" href=\"#custom-collapse-0-8\">Estrategias B\u00e1sicas<\/a>\n\t\t\t\t\t<\/h4>\n\t\t\t\t<\/div>\n\t\t\t\t<div id=\"custom-collapse-0-8\" class=\"panel-collapse collapse\">\n\t\t\t\t\t<div class=\"panel-body\">\n<ul>\n<li>Prevenir la transmisi\u00f3n del VIH y controlar la epidemia del SIDA.<\/li>\n<li>Prevenir y controlar las ITS.<\/li>\n<li>Prestar servicios de atenci\u00f3n integral de calidad a las personas con VIH.<\/li>\n<li>Fortalecer las acciones de promoci\u00f3n de la salud sexual.<\/li>\n<li>Impulsar pol\u00edticas para la disminuci\u00f3n del estigma, discriminaci\u00f3n, violaciones a derechos humanos y homofobia en poblaciones clave.<\/li>\n<li>Fortalecer la coparticipaci\u00f3n multisectorial, social y ciudadana en la formulaci\u00f3n de pol\u00edticas en VIH\/SIDA<em>.<\/em><\/li>\n<\/ul>\n<\/div>\n\t\t\t\t<\/div>\n\t\t\t<\/div>\n<div class=\"panel panel-default\">\n\t\t\t\t<div class=\"panel-heading\">\n\t\t\t\t\t<h4 class=\"panel-title\">\n\t\t\t\t\t\t<a class=\"collapsed\" data-toggle=\"collapse\" data-parent=\"#custom-collapse-0\" href=\"#custom-collapse-0-9\">Atenci\u00f3n a Usuarios<\/a>\n\t\t\t\t\t<\/h4>\n\t\t\t\t<\/div>\n\t\t\t\t<div id=\"custom-collapse-0-9\" class=\"panel-collapse collapse\">\n\t\t\t\t\t<div class=\"panel-body\">\n<div class=\"table-responsive\"><table width=\"420\" cellspacing=\"0\" cellpadding=\"0\" class=\" table table-gobtam\"><thead><tr><td width=\"130\" height=\"20\"><strong>Capasits<\/strong><\/td>\n<td width=\"150\"><strong>Horario<\/strong><\/td>\n<td width=\"130\"><strong>Tel&#xE9;fono<\/strong><\/td>\n<\/tr><\/thead><tbody><tr><td height=\"25\"><strong>Victoria<\/strong><\/td>\n<td>Lunes a Viernes<br>\n8:00 a.m a 3:30 p.m<\/td>\n<td>01 (834) 1341499<\/td>\n<\/tr><tr><td height=\"25\"><strong>Tampico<\/strong><\/td>\n<td>Lunes a Viernes<br>\n8:00 a.m a 3:30 p.m<\/td>\n<td>01 (833) 2120040<\/td>\n<\/tr><tr><td height=\"25\"><strong>Matamoros<\/strong><\/td>\n<td>Lunes a Viernes<br>\n8:00 a.m a 3:30 p.m<\/td>\n<td>01 (868) 1490566<\/td>\n<\/tr><tr><td height=\"25\"><strong>Reynosa<\/strong><\/td>\n<td>Lunes a Viernes<br>\n8:00 a.m a 3:30 p.m<\/td>\n<td>01 (899) 9258250<\/td>\n<\/tr><tr><td height=\"25\"><strong>Nuevo Laredo<\/strong><\/td>\n<td>Lunes a Viernes<br>\n8:00 a.m a 3:30 p.m<\/td>\n<td>01 (867) 1151623<\/td>\n<\/tr><tr><td height=\"25\"><strong>Jurisdicci&#xF3;n VI Mante<\/strong><\/td>\n<td>Lunes a Viernes<br>\n8:00 a.m a 3:30 p.m<\/td>\n<td>01 (831) 2321296<\/td>\n<\/tr><tr><td height=\"25\"><strong>Jurisdicci&#xF3;n VII San Fernando<\/strong><\/td>\n<td>Lunes a Viernes<br>\n8:00 a.m a 3:30 p.m<\/td>\n<td>01 (841) 8441660<\/td>\n<\/tr><tr><td height=\"25\"><strong>Jurisdicci&#xF3;n VII Jaumave<\/strong><\/td>\n<td>Lunes a Viernes<br>\n8:00 a.m a 3:30 p.m<\/td>\n<td>01 (832) 3360129<\/td>\n<\/tr><\/tbody><\/table><\/div>\n<\/div>\n\t\t\t\t<\/div>\n\t\t\t<\/div>\n<div class=\"panel panel-default\">\n\t\t\t\t<div class=\"panel-heading\">\n\t\t\t\t\t<h4 class=\"panel-title\">\n\t\t\t\t\t\t<a class=\"collapsed\" data-toggle=\"collapse\" data-parent=\"#custom-collapse-0\" href=\"#custom-collapse-0-10\">Coordinaci\u00f3n Estatal<\/a>\n\t\t\t\t\t<\/h4>\n\t\t\t\t<\/div>\n\t\t\t\t<div id=\"custom-collapse-0-10\" class=\"panel-collapse collapse\">\n\t\t\t\t\t<div class=\"panel-body\">\nAvenida Fco. I Madero No 414 Zona Centro<br \/>\nTel: 01(834) 3186300 ext 20633 y 20634<br \/>\n<\/div>\n\t\t\t\t<\/div>\n\t\t\t<\/div>\n<\/div>\n<h3><\/h3>\n<h3><\/h3>\n<h3><\/h3>\n<h3><\/h3>\n<h3><\/h3>\n","protected":false},"excerpt":{"rendered":"","protected":false},"author":19,"featured_media":0,"parent":37,"menu_order":0,"comment_status":"closed","ping_status":"closed","template":"","meta":{"footnotes":""},"class_list":["post-43","page","type-page","status-publish","hentry"],"yoast_head":"<!-- This site is optimized with the Yoast SEO plugin v24.8.1 - https:\/\/yoast.com\/wordpress\/plugins\/seo\/ -->\n<title>Prevenci\u00f3n y Control del VIH - Secretar\u00eda de Salud<\/title>\n<meta name=\"robots\" content=\"index, follow, max-snippet:-1, max-image-preview:large, max-video-preview:-1\" \/>\n<link rel=\"canonical\" href=\"https:\/\/www.tamaulipas.gob.mx\/salud\/programas\/medicina-preventiva\/prevencion-y-control-del-vih\/\" \/>\n<meta property=\"og:locale\" content=\"es_ES\" \/>\n<meta property=\"og:type\" content=\"article\" \/>\n<meta property=\"og:title\" content=\"Prevenci\u00f3n y Control del VIH - Secretar\u00eda de Salud\" \/>\n<meta property=\"og:url\" content=\"https:\/\/www.tamaulipas.gob.mx\/salud\/programas\/medicina-preventiva\/prevencion-y-control-del-vih\/\" \/>\n<meta property=\"og:site_name\" content=\"Secretar\u00eda de Salud\" \/>\n<meta property=\"article:publisher\" content=\"https:\/\/www.facebook.com\/SaludTamaulipas\" \/>\n<meta property=\"article:modified_time\" content=\"2017-10-24T16:01:41+00:00\" \/>\n<meta property=\"og:image\" content=\"https:\/\/www.tamaulipas.gob.mx\/salud\/wp-content\/uploads\/sites\/4\/2022\/10\/logotamaulipas2022.png\" \/>\n\t<meta property=\"og:image:width\" content=\"1200\" \/>\n\t<meta property=\"og:image:height\" content=\"388\" \/>\n\t<meta property=\"og:image:type\" content=\"image\/png\" \/>\n<meta name=\"twitter:card\" content=\"summary_large_image\" \/>\n<meta name=\"twitter:label1\" content=\"Tiempo de lectura\" \/>\n\t<meta name=\"twitter:data1\" content=\"6 minutos\" \/>\n<script type=\"application\/ld+json\" class=\"yoast-schema-graph\">{\"@context\":\"https:\/\/schema.org\",\"@graph\":[{\"@type\":\"WebPage\",\"@id\":\"https:\/\/www.tamaulipas.gob.mx\/salud\/programas\/medicina-preventiva\/prevencion-y-control-del-vih\/\",\"url\":\"https:\/\/www.tamaulipas.gob.mx\/salud\/programas\/medicina-preventiva\/prevencion-y-control-del-vih\/\",\"name\":\"Prevenci\u00f3n y Control del VIH - Secretar\u00eda de Salud\",\"isPartOf\":{\"@id\":\"https:\/\/www.tamaulipas.gob.mx\/salud\/#website\"},\"datePublished\":\"2016-11-01T21:28:55+00:00\",\"dateModified\":\"2017-10-24T16:01:41+00:00\",\"breadcrumb\":{\"@id\":\"https:\/\/www.tamaulipas.gob.mx\/salud\/programas\/medicina-preventiva\/prevencion-y-control-del-vih\/#breadcrumb\"},\"inLanguage\":\"es\",\"potentialAction\":[{\"@type\":\"ReadAction\",\"target\":[\"https:\/\/www.tamaulipas.gob.mx\/salud\/programas\/medicina-preventiva\/prevencion-y-control-del-vih\/\"]}]},{\"@type\":\"BreadcrumbList\",\"@id\":\"https:\/\/www.tamaulipas.gob.mx\/salud\/programas\/medicina-preventiva\/prevencion-y-control-del-vih\/#breadcrumb\",\"itemListElement\":[{\"@type\":\"ListItem\",\"position\":1,\"name\":\"Portada\",\"item\":\"https:\/\/www.tamaulipas.gob.mx\/salud\/\"},{\"@type\":\"ListItem\",\"position\":2,\"name\":\"Programas\",\"item\":\"https:\/\/www.tamaulipas.gob.mx\/salud\/programas\/\"},{\"@type\":\"ListItem\",\"position\":3,\"name\":\"Medicina Preventiva\",\"item\":\"https:\/\/www.tamaulipas.gob.mx\/salud\/programas\/medicina-preventiva\/\"},{\"@type\":\"ListItem\",\"position\":4,\"name\":\"Prevenci\u00f3n y Control del VIH\"}]},{\"@type\":\"WebSite\",\"@id\":\"https:\/\/www.tamaulipas.gob.mx\/salud\/#website\",\"url\":\"https:\/\/www.tamaulipas.gob.mx\/salud\/\",\"name\":\"Secretar\u00eda de Salud\",\"description\":\"Gobierno del Estado de Tamaulipas\",\"publisher\":{\"@id\":\"https:\/\/www.tamaulipas.gob.mx\/salud\/#organization\"},\"potentialAction\":[{\"@type\":\"SearchAction\",\"target\":{\"@type\":\"EntryPoint\",\"urlTemplate\":\"https:\/\/www.tamaulipas.gob.mx\/salud\/?s={search_term_string}\"},\"query-input\":{\"@type\":\"PropertyValueSpecification\",\"valueRequired\":true,\"valueName\":\"search_term_string\"}}],\"inLanguage\":\"es\"},{\"@type\":\"Organization\",\"@id\":\"https:\/\/www.tamaulipas.gob.mx\/salud\/#organization\",\"name\":\"Secretar\u00eda de Salud de Tamaulipas\",\"url\":\"https:\/\/www.tamaulipas.gob.mx\/salud\/\",\"logo\":{\"@type\":\"ImageObject\",\"inLanguage\":\"es\",\"@id\":\"https:\/\/www.tamaulipas.gob.mx\/salud\/#\/schema\/logo\/image\/\",\"url\":\"https:\/\/www.tamaulipas.gob.mx\/salud\/wp-content\/uploads\/sites\/4\/2022\/10\/logotamaulipas2022.png\",\"contentUrl\":\"https:\/\/www.tamaulipas.gob.mx\/salud\/wp-content\/uploads\/sites\/4\/2022\/10\/logotamaulipas2022.png\",\"width\":1200,\"height\":388,\"caption\":\"Secretar\u00eda de Salud de Tamaulipas\"},\"image\":{\"@id\":\"https:\/\/www.tamaulipas.gob.mx\/salud\/#\/schema\/logo\/image\/\"},\"sameAs\":[\"https:\/\/www.facebook.com\/SaludTamaulipas\"]}]}<\/script>\n<!-- \/ Yoast SEO plugin. -->","yoast_head_json":{"title":"Prevenci\u00f3n y Control del VIH - Secretar\u00eda de Salud","robots":{"index":"index","follow":"follow","max-snippet":"max-snippet:-1","max-image-preview":"max-image-preview:large","max-video-preview":"max-video-preview:-1"},"canonical":"https:\/\/www.tamaulipas.gob.mx\/salud\/programas\/medicina-preventiva\/prevencion-y-control-del-vih\/","og_locale":"es_ES","og_type":"article","og_title":"Prevenci\u00f3n y Control del VIH - Secretar\u00eda de Salud","og_url":"https:\/\/www.tamaulipas.gob.mx\/salud\/programas\/medicina-preventiva\/prevencion-y-control-del-vih\/","og_site_name":"Secretar\u00eda de Salud","article_publisher":"https:\/\/www.facebook.com\/SaludTamaulipas","article_modified_time":"2017-10-24T16:01:41+00:00","og_image":[{"width":1200,"height":388,"url":"https:\/\/www.tamaulipas.gob.mx\/salud\/wp-content\/uploads\/sites\/4\/2022\/10\/logotamaulipas2022.png","type":"image\/png"}],"twitter_card":"summary_large_image","twitter_misc":{"Tiempo de lectura":"6 minutos"},"schema":{"@context":"https:\/\/schema.org","@graph":[{"@type":"WebPage","@id":"https:\/\/www.tamaulipas.gob.mx\/salud\/programas\/medicina-preventiva\/prevencion-y-control-del-vih\/","url":"https:\/\/www.tamaulipas.gob.mx\/salud\/programas\/medicina-preventiva\/prevencion-y-control-del-vih\/","name":"Prevenci\u00f3n y Control del VIH - Secretar\u00eda de Salud","isPartOf":{"@id":"https:\/\/www.tamaulipas.gob.mx\/salud\/#website"},"datePublished":"2016-11-01T21:28:55+00:00","dateModified":"2017-10-24T16:01:41+00:00","breadcrumb":{"@id":"https:\/\/www.tamaulipas.gob.mx\/salud\/programas\/medicina-preventiva\/prevencion-y-control-del-vih\/#breadcrumb"},"inLanguage":"es","potentialAction":[{"@type":"ReadAction","target":["https:\/\/www.tamaulipas.gob.mx\/salud\/programas\/medicina-preventiva\/prevencion-y-control-del-vih\/"]}]},{"@type":"BreadcrumbList","@id":"https:\/\/www.tamaulipas.gob.mx\/salud\/programas\/medicina-preventiva\/prevencion-y-control-del-vih\/#breadcrumb","itemListElement":[{"@type":"ListItem","position":1,"name":"Portada","item":"https:\/\/www.tamaulipas.gob.mx\/salud\/"},{"@type":"ListItem","position":2,"name":"Programas","item":"https:\/\/www.tamaulipas.gob.mx\/salud\/programas\/"},{"@type":"ListItem","position":3,"name":"Medicina Preventiva","item":"https:\/\/www.tamaulipas.gob.mx\/salud\/programas\/medicina-preventiva\/"},{"@type":"ListItem","position":4,"name":"Prevenci\u00f3n y Control del VIH"}]},{"@type":"WebSite","@id":"https:\/\/www.tamaulipas.gob.mx\/salud\/#website","url":"https:\/\/www.tamaulipas.gob.mx\/salud\/","name":"Secretar\u00eda de Salud","description":"Gobierno del Estado de Tamaulipas","publisher":{"@id":"https:\/\/www.tamaulipas.gob.mx\/salud\/#organization"},"potentialAction":[{"@type":"SearchAction","target":{"@type":"EntryPoint","urlTemplate":"https:\/\/www.tamaulipas.gob.mx\/salud\/?s={search_term_string}"},"query-input":{"@type":"PropertyValueSpecification","valueRequired":true,"valueName":"search_term_string"}}],"inLanguage":"es"},{"@type":"Organization","@id":"https:\/\/www.tamaulipas.gob.mx\/salud\/#organization","name":"Secretar\u00eda de Salud de Tamaulipas","url":"https:\/\/www.tamaulipas.gob.mx\/salud\/","logo":{"@type":"ImageObject","inLanguage":"es","@id":"https:\/\/www.tamaulipas.gob.mx\/salud\/#\/schema\/logo\/image\/","url":"https:\/\/www.tamaulipas.gob.mx\/salud\/wp-content\/uploads\/sites\/4\/2022\/10\/logotamaulipas2022.png","contentUrl":"https:\/\/www.tamaulipas.gob.mx\/salud\/wp-content\/uploads\/sites\/4\/2022\/10\/logotamaulipas2022.png","width":1200,"height":388,"caption":"Secretar\u00eda de Salud de Tamaulipas"},"image":{"@id":"https:\/\/www.tamaulipas.gob.mx\/salud\/#\/schema\/logo\/image\/"},"sameAs":["https:\/\/www.facebook.com\/SaludTamaulipas"]}]}},"publishpress_future_action":{"enabled":false,"date":"2026-05-08 00:35:14","action":"change-status","newStatus":"draft","terms":[],"taxonomy":""},"_links":{"self":[{"href":"https:\/\/www.tamaulipas.gob.mx\/salud\/wp-json\/wp\/v2\/pages\/43"}],"collection":[{"href":"https:\/\/www.tamaulipas.gob.mx\/salud\/wp-json\/wp\/v2\/pages"}],"about":[{"href":"https:\/\/www.tamaulipas.gob.mx\/salud\/wp-json\/wp\/v2\/types\/page"}],"author":[{"embeddable":true,"href":"https:\/\/www.tamaulipas.gob.mx\/salud\/wp-json\/wp\/v2\/users\/19"}],"replies":[{"embeddable":true,"href":"https:\/\/www.tamaulipas.gob.mx\/salud\/wp-json\/wp\/v2\/comments?post=43"}],"version-history":[{"count":9,"href":"https:\/\/www.tamaulipas.gob.mx\/salud\/wp-json\/wp\/v2\/pages\/43\/revisions"}],"predecessor-version":[{"id":507,"href":"https:\/\/www.tamaulipas.gob.mx\/salud\/wp-json\/wp\/v2\/pages\/43\/revisions\/507"}],"up":[{"embeddable":true,"href":"https:\/\/www.tamaulipas.gob.mx\/salud\/wp-json\/wp\/v2\/pages\/37"}],"wp:attachment":[{"href":"https:\/\/www.tamaulipas.gob.mx\/salud\/wp-json\/wp\/v2\/media?parent=43"}],"curies":[{"name":"wp","href":"https:\/\/api.w.org\/{rel}","templated":true}]}}