{"id":851,"date":"2023-06-01T12:22:04","date_gmt":"2023-06-01T18:22:04","guid":{"rendered":"https:\/\/www.tamaulipas.gob.mx\/migrantes\/?page_id=851"},"modified":"2023-06-01T18:12:57","modified_gmt":"2023-06-02T00:12:57","slug":"actividades-del-gobierno-de-tamaulipas-y-la-oim","status":"publish","type":"page","link":"https:\/\/www.tamaulipas.gob.mx\/migrantes\/actividades-del-gobierno-de-tamaulipas-y-la-oim\/","title":{"rendered":"Actividades del Gobierno de Tamaulipas y la OIM"},"content":{"rendered":"<ul>\n<li><a href=\"https:\/\/www.tamaulipas.gob.mx\/migrantes\/taller-de-gobernanza-migratoria\/\"><strong><span style=\"font-size: 16px;\">Taller de Gobernanza Migratoria<\/span><\/strong><\/a><\/li>\n<li><a href=\"https:\/\/www.tamaulipas.gob.mx\/migrantes\/capacitacion-en-materia-de-trafico-ilicito-de-personas-migrantes\/\"><strong><span style=\"font-size: 16px;\">Capacitaci\u00f3n en Materia de Tr\u00e1fico Il\u00edcito de Personas en Contexto de Movilidad.<\/span><\/strong><\/a><\/li>\n<li style=\"text-align: justify;\"><strong><span style=\"font-size: 16px;\">Capacitaci\u00f3n sobre los alcances de T\u00edtulo 8 y 42 para el Asilo en los Estados Unidos.<\/span><\/strong><\/li>\n<li style=\"text-align: justify;\"><strong><span style=\"font-size: 16px;\">Acompa\u00f1amiento en el Programa Sectorial de Atenci\u00f3n Migratoria en Tamaulipas.<\/span><\/strong><\/li>\n<li style=\"text-align: justify;\"><strong><span style=\"font-size: 16px;\">Acompa\u00f1amiento en la implementaci\u00f3n del \u00abConsejo Consultivo de Pol\u00edtica Migratoria en Tamaulipas\u00bb<\/span><\/strong><\/li>\n<li style=\"text-align: justify;\"><strong><span style=\"font-size: 16px;\">DTM, Matriz de Seguimiento de desplazamiento 2023.<\/span><\/strong><\/li>\n<\/ul>\n","protected":false},"excerpt":{"rendered":"<p>Taller de Gobernanza Migratoria Capacitaci\u00f3n en Materia de Tr\u00e1fico Il\u00edcito de Personas en Contexto de Movilidad. Capacitaci\u00f3n sobre los alcances de T\u00edtulo 8 y 42\u2026<\/p>\n","protected":false},"author":322,"featured_media":0,"parent":0,"menu_order":0,"comment_status":"closed","ping_status":"closed","template":"","meta":{"footnotes":""},"class_list":["post-851","page","type-page","status-publish","hentry"],"publishpress_future_action":{"enabled":false,"date":"2026-05-04 07:22:54","action":"change-status","newStatus":"draft","terms":[],"taxonomy":""},"_links":{"self":[{"href":"https:\/\/www.tamaulipas.gob.mx\/migrantes\/wp-json\/wp\/v2\/pages\/851"}],"collection":[{"href":"https:\/\/www.tamaulipas.gob.mx\/migrantes\/wp-json\/wp\/v2\/pages"}],"about":[{"href":"https:\/\/www.tamaulipas.gob.mx\/migrantes\/wp-json\/wp\/v2\/types\/page"}],"author":[{"embeddable":true,"href":"https:\/\/www.tamaulipas.gob.mx\/migrantes\/wp-json\/wp\/v2\/users\/322"}],"replies":[{"embeddable":true,"href":"https:\/\/www.tamaulipas.gob.mx\/migrantes\/wp-json\/wp\/v2\/comments?post=851"}],"version-history":[{"count":7,"href":"https:\/\/www.tamaulipas.gob.mx\/migrantes\/wp-json\/wp\/v2\/pages\/851\/revisions"}],"predecessor-version":[{"id":870,"href":"https:\/\/www.tamaulipas.gob.mx\/migrantes\/wp-json\/wp\/v2\/pages\/851\/revisions\/870"}],"wp:attachment":[{"href":"https:\/\/www.tamaulipas.gob.mx\/migrantes\/wp-json\/wp\/v2\/media?parent=851"}],"curies":[{"name":"wp","href":"https:\/\/api.w.org\/{rel}","templated":true}]}}