{"id":69,"date":"2017-06-16T11:45:54","date_gmt":"2017-06-16T16:45:54","guid":{"rendered":"http:\/\/www.tamaulipas.gob.mx\/migrantes\/?page_id=69"},"modified":"2023-11-13T19:03:50","modified_gmt":"2023-11-14T01:03:50","slug":"conofam","status":"publish","type":"page","link":"https:\/\/www.tamaulipas.gob.mx\/migrantes\/conofam\/","title":{"rendered":"Repatriaci\u00f3n"},"content":{"rendered":"<div dir=\"ltr\">\n<div dir=\"ltr\">\n<p style=\"text-align: justify;\">Tamaulipas es la segunda entidad en recepci\u00f3n de connacionales repatriados por las autoridades migratorias de los Estados Unidos de Norteam\u00e9rica, los puntos internacionales de recepci\u00f3n de este flujo de migrantes en nuestro Estado son: Nuevo Laredo, Reynosa y Matamoros.<\/p>\n<div dir=\"ltr\">\n<p style=\"text-align: justify;\">El Instituto Tamaulipeco para los Migrantes, brinda a este flujo de connacionales diversos apoyos y la asistencia social durante su ingreso y estancia en nuestro territorio.<\/p>\n<\/div>\n<div class=\"row\"><div class=\"col-sm-12\"><a href=\"https:\/\/www.tamaulipas.gob.mx\/migrantes\/asistencia\/\" class=\"btn btn-primary btn-sm pull-right\">\n<i class=\"fa fa-external-link\"><\/i> M\u00e1s informaci\u00f3n <\/a><\/div><\/div>\n<p>&nbsp;<\/p>\n<p style=\"text-align: left;\"><strong>ESTAD\u00cdSTICAS.<\/strong><\/p>\n<\/div>\n<p><a href=\"https:\/\/www.tamaulipas.gob.mx\/migrantes\/wp-content\/uploads\/sites\/28\/2023\/11\/repatriacion-nacional-por-punto-de-recepcion-1.jpg\"><span style=\"text-decoration: underline;\">Repatriaci\u00f3n nacional por punto de recepci\u00f3n (Enero-Septiembre 2023).<\/span><\/a><br \/>\n<a href=\"https:\/\/www.tamaulipas.gob.mx\/migrantes\/wp-content\/uploads\/sites\/28\/2023\/11\/repatriacion-nacional-comparativa-con-tamaulipas-1.jpg\"><span style=\"text-decoration: underline;\">Repatriaci\u00f3n nacional comparativa con Tamaulipas (estad\u00edstica 2018-2023).<\/span><\/a><br \/>\n<a href=\"https:\/\/www.tamaulipas.gob.mx\/migrantes\/wp-content\/uploads\/sites\/28\/2023\/11\/repatriacion-nacional-de-ninas-ninos-y-adolecentes-por-punto-de-recepcion-2.jpg\"><span style=\"text-decoration: underline;\">Repatriaci\u00f3n nacional de Ni\u00f1as, Ni\u00f1os y Adolescentes por punto de recepci\u00f3n (Enero-Septiembre 2023).<\/span><\/a><br \/>\n<a href=\"https:\/\/www.tamaulipas.gob.mx\/migrantes\/wp-content\/uploads\/sites\/28\/2023\/11\/repatriacion-de-ninas-ninos-y-adolecentes-por-tamaulipas.jpg\"><span style=\"text-decoration: underline;\">Repatriaci\u00f3n de Ni\u00f1as, Ni\u00f1os y Adolescentes por Tamaulipas y punto de recepci\u00f3n (Enero-Septiembre 2023).<\/span><\/a><br \/>\n<a href=\"https:\/\/www.tamaulipas.gob.mx\/migrantes\/wp-content\/uploads\/sites\/28\/2023\/11\/repatriacion-por-tamaulipas-por-punto-de-recepcion-3.jpg\"><span style=\"text-decoration: underline;\">Rep<\/span><span style=\"text-decoration: underline;\">atriaci\u00f3n por Tamaulipas por puntos de recepci\u00f3n (Enero-Septiembre 2023).<\/span><\/a><br \/>\n<a href=\"https:\/\/www.tamaulipas.gob.mx\/migrantes\/repatriacion-de-tamaulipecos-enero-septiembre-2018-2023\/\"><span style=\"text-decoration: underline;\">Repatriaci\u00f3n de Tamaulipecos (Enero-Septiembre 2018-2023).<\/span><\/a><\/p>\n<p>&nbsp;<\/p>\n<p>&nbsp;<\/p>\n<p>&nbsp;<\/p>\n<p>&nbsp;<\/p>\n<div dir=\"ltr\">\n<p>&nbsp;<\/p>\n<p>&nbsp;<\/p>\n<p>&nbsp;<\/p>\n<\/div>\n<\/div>\n","protected":false},"excerpt":{"rendered":"<p>Tamaulipas es la segunda entidad en recepci\u00f3n de connacionales repatriados por las autoridades migratorias de los Estados Unidos de Norteam\u00e9rica, los puntos internacionales de recepci\u00f3n\u2026<\/p>\n","protected":false},"author":7,"featured_media":0,"parent":0,"menu_order":0,"comment_status":"closed","ping_status":"closed","template":"","meta":{"footnotes":""},"class_list":["post-69","page","type-page","status-publish","hentry"],"publishpress_future_action":{"enabled":false,"date":"2026-05-04 05:25:44","action":"change-status","newStatus":"draft","terms":[],"taxonomy":""},"_links":{"self":[{"href":"https:\/\/www.tamaulipas.gob.mx\/migrantes\/wp-json\/wp\/v2\/pages\/69"}],"collection":[{"href":"https:\/\/www.tamaulipas.gob.mx\/migrantes\/wp-json\/wp\/v2\/pages"}],"about":[{"href":"https:\/\/www.tamaulipas.gob.mx\/migrantes\/wp-json\/wp\/v2\/types\/page"}],"author":[{"embeddable":true,"href":"https:\/\/www.tamaulipas.gob.mx\/migrantes\/wp-json\/wp\/v2\/users\/7"}],"replies":[{"embeddable":true,"href":"https:\/\/www.tamaulipas.gob.mx\/migrantes\/wp-json\/wp\/v2\/comments?post=69"}],"version-history":[{"count":63,"href":"https:\/\/www.tamaulipas.gob.mx\/migrantes\/wp-json\/wp\/v2\/pages\/69\/revisions"}],"predecessor-version":[{"id":1603,"href":"https:\/\/www.tamaulipas.gob.mx\/migrantes\/wp-json\/wp\/v2\/pages\/69\/revisions\/1603"}],"wp:attachment":[{"href":"https:\/\/www.tamaulipas.gob.mx\/migrantes\/wp-json\/wp\/v2\/media?parent=69"}],"curies":[{"name":"wp","href":"https:\/\/api.w.org\/{rel}","templated":true}]}}